{"id":12074,"date":"2024-02-05T10:47:37","date_gmt":"2024-02-05T08:47:37","guid":{"rendered":"https:\/\/projectehomebalears.org\/esdeveniments-solidaris\/"},"modified":"2024-08-27T15:07:24","modified_gmt":"2024-08-27T13:07:24","slug":"esdeveniments-solidaris","status":"publish","type":"page","link":"https:\/\/projectehomebalears.org\/ca\/esdeveniments-solidaris\/","title":{"rendered":"Esdeveniments solidaris"},"content":{"rendered":"\t\t<div data-elementor-type=\"wp-page\" data-elementor-id=\"12074\" class=\"elementor elementor-12074 elementor-6336\" data-elementor-post-type=\"page\">\n\t\t\t\t\t\t<section class=\"elementor-section elementor-top-section elementor-element elementor-element-0637729 elementor-section-height-min-height elementor-section-boxed elementor-section-height-default elementor-section-items-middle\" data-id=\"0637729\" data-element_type=\"section\" data-e-type=\"section\" data-settings=\"{&quot;background_background&quot;:&quot;classic&quot;}\">\n\t\t\t\t\t\t\t<div class=\"elementor-background-overlay\"><\/div>\n\t\t\t\t\t\t\t<div class=\"elementor-container elementor-column-gap-no\">\n\t\t\t\t\t<div class=\"elementor-column elementor-col-100 elementor-top-column elementor-element elementor-element-797514f\" data-id=\"797514f\" data-element_type=\"column\" data-e-type=\"column\">\n\t\t\t<div class=\"elementor-widget-wrap elementor-element-populated\">\n\t\t\t\t\t\t<div class=\"elementor-element elementor-element-a4411bb animated-fast elementor-headline--style-highlight elementor-invisible elementor-widget elementor-widget-animated-headline\" data-id=\"a4411bb\" data-element_type=\"widget\" data-e-type=\"widget\" data-settings=\"{&quot;marker&quot;:&quot;underline&quot;,&quot;highlighted_text&quot;:&quot;Solidaris&quot;,&quot;_animation&quot;:&quot;fadeInUp&quot;,&quot;headline_style&quot;:&quot;highlight&quot;,&quot;loop&quot;:&quot;yes&quot;,&quot;highlight_animation_duration&quot;:1200,&quot;highlight_iteration_delay&quot;:8000}\" data-widget_type=\"animated-headline.default\">\n\t\t\t\t<div class=\"elementor-widget-container\">\n\t\t\t\t\t\t\t<h3 class=\"elementor-headline\">\n\t\t\t\t\t<span class=\"elementor-headline-plain-text elementor-headline-text-wrapper\">Esdeveniments<\/span>\n\t\t\t\t<span class=\"elementor-headline-dynamic-wrapper elementor-headline-text-wrapper\">\n\t\t\t\t\t<span class=\"elementor-headline-dynamic-text elementor-headline-text-active\">Solidaris<\/span>\n\t\t\t\t<\/span>\n\t\t\t\t<\/h3>\n\t\t\t\t\t\t<\/div>\n\t\t\t\t<\/div>\n\t\t\t\t\t<\/div>\n\t\t<\/div>\n\t\t\t\t\t<\/div>\n\t\t<\/section>\n\t\t<div class=\"elementor-element elementor-element-23e68e7 e-flex e-con-boxed e-con e-parent\" data-id=\"23e68e7\" data-element_type=\"container\" data-e-type=\"container\">\n\t\t\t\t\t<div class=\"e-con-inner\">\n\t\t\t\t<div class=\"elementor-element elementor-element-f4ae311 elementor-widget elementor-widget-menu-anchor\" data-id=\"f4ae311\" data-element_type=\"widget\" data-e-type=\"widget\" data-widget_type=\"menu-anchor.default\">\n\t\t\t\t<div class=\"elementor-widget-container\">\n\t\t\t\t\t\t\t<div class=\"elementor-menu-anchor\" id=\"Pujar\"><\/div>\n\t\t\t\t\t\t<\/div>\n\t\t\t\t<\/div>\n\t\t\t\t\t<\/div>\n\t\t\t\t<\/div>\n\t\t\t\t<section class=\"elementor-section elementor-top-section elementor-element elementor-element-3204ee5 elementor-section-boxed elementor-section-height-default elementor-section-height-default\" data-id=\"3204ee5\" data-element_type=\"section\" data-e-type=\"section\">\n\t\t\t\t\t\t<div class=\"elementor-container elementor-column-gap-default\">\n\t\t\t\t\t<div class=\"elementor-column elementor-col-33 elementor-top-column elementor-element elementor-element-be29cc8\" data-id=\"be29cc8\" data-element_type=\"column\" data-e-type=\"column\">\n\t\t\t<div class=\"elementor-widget-wrap elementor-element-populated\">\n\t\t\t\t\t\t<div class=\"elementor-element elementor-element-466d037 elementor-cta--skin-cover elementor-animated-content elementor-bg-transform elementor-bg-transform-zoom-in elementor-widget elementor-widget-call-to-action\" data-id=\"466d037\" data-element_type=\"widget\" data-e-type=\"widget\" data-widget_type=\"call-to-action.default\">\n\t\t\t\t<div class=\"elementor-widget-container\">\n\t\t\t\t\t\t\t<a class=\"elementor-cta\" href=\"#Catedral\">\n\t\t\t\t\t<div class=\"elementor-cta__bg-wrapper\">\n\t\t\t\t<div class=\"elementor-cta__bg elementor-bg\" style=\"background-image: url(https:\/\/projectehomebalears.org\/wp-content\/uploads\/2024\/02\/Fs0FY_9XoAA_uXI-scaled.jpg);\" role=\"img\" aria-label=\"Fs0FY_9XoAA_uXI\"><\/div>\n\t\t\t\t<div class=\"elementor-cta__bg-overlay\"><\/div>\n\t\t\t<\/div>\n\t\t\t\t\t\t\t<div class=\"elementor-cta__content\">\n\t\t\t\t\n\t\t\t\t\t\t\t\t\t<h2 class=\"elementor-cta__title elementor-cta__content-item elementor-content-item elementor-animated-item--grow\">\n\t\t\t\t\t\tConcert de la Catedral\t\t\t\t\t<\/h2>\n\t\t\t\t\n\t\t\t\t\n\t\t\t\t\t\t\t<\/div>\n\t\t\t\t\t\t<\/a>\n\t\t\t\t\t\t<\/div>\n\t\t\t\t<\/div>\n\t\t\t\t\t<\/div>\n\t\t<\/div>\n\t\t\t\t<div class=\"elementor-column elementor-col-33 elementor-top-column elementor-element elementor-element-7a617f0\" data-id=\"7a617f0\" data-element_type=\"column\" data-e-type=\"column\">\n\t\t\t<div class=\"elementor-widget-wrap elementor-element-populated\">\n\t\t\t\t\t\t<div class=\"elementor-element elementor-element-ee679b3 elementor-cta--skin-cover elementor-animated-content elementor-bg-transform elementor-bg-transform-zoom-in elementor-widget elementor-widget-call-to-action\" data-id=\"ee679b3\" data-element_type=\"widget\" data-e-type=\"widget\" data-widget_type=\"call-to-action.default\">\n\t\t\t\t<div class=\"elementor-widget-container\">\n\t\t\t\t\t\t\t<a class=\"elementor-cta\" href=\"#carreramanacor\">\n\t\t\t\t\t<div class=\"elementor-cta__bg-wrapper\">\n\t\t\t\t<div class=\"elementor-cta__bg elementor-bg\" style=\"background-image: url(https:\/\/projectehomebalears.org\/wp-content\/uploads\/2024\/02\/IMG_1751-769x1024.jpg);\" role=\"img\" aria-label=\"IMG_1751\"><\/div>\n\t\t\t\t<div class=\"elementor-cta__bg-overlay\"><\/div>\n\t\t\t<\/div>\n\t\t\t\t\t\t\t<div class=\"elementor-cta__content\">\n\t\t\t\t\n\t\t\t\t\t\t\t\t\t<h2 class=\"elementor-cta__title elementor-cta__content-item elementor-content-item elementor-animated-item--grow\">\n\t\t\t\t\t\tCarrera ProjecteEnMarxa\t\t\t\t\t<\/h2>\n\t\t\t\t\n\t\t\t\t\n\t\t\t\t\t\t\t<\/div>\n\t\t\t\t\t\t<\/a>\n\t\t\t\t\t\t<\/div>\n\t\t\t\t<\/div>\n\t\t\t\t\t<\/div>\n\t\t<\/div>\n\t\t\t\t<div class=\"elementor-column elementor-col-33 elementor-top-column elementor-element elementor-element-3c18717\" data-id=\"3c18717\" data-element_type=\"column\" data-e-type=\"column\">\n\t\t\t<div class=\"elementor-widget-wrap elementor-element-populated\">\n\t\t\t\t\t\t<div class=\"elementor-element elementor-element-58f860d elementor-cta--skin-cover elementor-animated-content elementor-bg-transform elementor-bg-transform-zoom-in elementor-widget elementor-widget-call-to-action\" data-id=\"58f860d\" data-element_type=\"widget\" data-e-type=\"widget\" data-widget_type=\"call-to-action.default\">\n\t\t\t\t<div class=\"elementor-widget-container\">\n\t\t\t\t\t\t\t<a class=\"elementor-cta\" href=\"#artperlavida\">\n\t\t\t\t\t<div class=\"elementor-cta__bg-wrapper\">\n\t\t\t\t<div class=\"elementor-cta__bg elementor-bg\" style=\"background-image: url(https:\/\/projectehomebalears.org\/wp-content\/uploads\/2024\/02\/191227-Art-per-a-la-Vida-Sta-Eugenia_3.jpg);\" role=\"img\" aria-label=\"191227 Art per a la Vida Sta Eug\u00e8nia_3\"><\/div>\n\t\t\t\t<div class=\"elementor-cta__bg-overlay\"><\/div>\n\t\t\t<\/div>\n\t\t\t\t\t\t\t<div class=\"elementor-cta__content\">\n\t\t\t\t\n\t\t\t\t\t\t\t\t\t<h2 class=\"elementor-cta__title elementor-cta__content-item elementor-content-item elementor-animated-item--grow\">\n\t\t\t\t\t\tArt per a la Vida\t\t\t\t\t<\/h2>\n\t\t\t\t\n\t\t\t\t\n\t\t\t\t\t\t\t<\/div>\n\t\t\t\t\t\t<\/a>\n\t\t\t\t\t\t<\/div>\n\t\t\t\t<\/div>\n\t\t\t\t\t<\/div>\n\t\t<\/div>\n\t\t\t\t\t<\/div>\n\t\t<\/section>\n\t\t\t\t<section class=\"elementor-section elementor-top-section elementor-element elementor-element-41b7d3b elementor-section-boxed elementor-section-height-default elementor-section-height-default\" data-id=\"41b7d3b\" data-element_type=\"section\" data-e-type=\"section\">\n\t\t\t\t\t\t<div class=\"elementor-container elementor-column-gap-default\">\n\t\t\t\t\t<div class=\"elementor-column elementor-col-33 elementor-top-column elementor-element elementor-element-67eb540\" data-id=\"67eb540\" data-element_type=\"column\" data-e-type=\"column\">\n\t\t\t<div class=\"elementor-widget-wrap elementor-element-populated\">\n\t\t\t\t\t\t<div class=\"elementor-element elementor-element-eeeb66f elementor-cta--skin-cover elementor-animated-content elementor-bg-transform elementor-bg-transform-zoom-in elementor-widget elementor-widget-call-to-action\" data-id=\"eeeb66f\" data-element_type=\"widget\" data-e-type=\"widget\" data-widget_type=\"call-to-action.default\">\n\t\t\t\t<div class=\"elementor-widget-container\">\n\t\t\t\t\t\t\t<a class=\"elementor-cta\" href=\"#regata\">\n\t\t\t\t\t<div class=\"elementor-cta__bg-wrapper\">\n\t\t\t\t<div class=\"elementor-cta__bg elementor-bg\" style=\"background-image: url(https:\/\/projectehomebalears.org\/wp-content\/uploads\/2024\/02\/IMG_8526-1024x683.jpg);\" role=\"img\" aria-label=\"IMG_8526\"><\/div>\n\t\t\t\t<div class=\"elementor-cta__bg-overlay\"><\/div>\n\t\t\t<\/div>\n\t\t\t\t\t\t\t<div class=\"elementor-cta__content\">\n\t\t\t\t\n\t\t\t\t\t\t\t\t\t<h2 class=\"elementor-cta__title elementor-cta__content-item elementor-content-item elementor-animated-item--grow\">\n\t\t\t\t\t\tRegata d'Alc\u00fadia\t\t\t\t\t<\/h2>\n\t\t\t\t\n\t\t\t\t\n\t\t\t\t\t\t\t<\/div>\n\t\t\t\t\t\t<\/a>\n\t\t\t\t\t\t<\/div>\n\t\t\t\t<\/div>\n\t\t\t\t\t<\/div>\n\t\t<\/div>\n\t\t\t\t<div class=\"elementor-column elementor-col-33 elementor-top-column elementor-element elementor-element-9ce8852\" data-id=\"9ce8852\" data-element_type=\"column\" data-e-type=\"column\">\n\t\t\t<div class=\"elementor-widget-wrap elementor-element-populated\">\n\t\t\t\t\t\t<div class=\"elementor-element elementor-element-4e0cbd0 elementor-cta--skin-cover elementor-animated-content elementor-bg-transform elementor-bg-transform-zoom-in elementor-widget elementor-widget-call-to-action\" data-id=\"4e0cbd0\" data-element_type=\"widget\" data-e-type=\"widget\" data-widget_type=\"call-to-action.default\">\n\t\t\t\t<div class=\"elementor-widget-container\">\n\t\t\t\t\t\t\t<a class=\"elementor-cta\" href=\"#torneo\">\n\t\t\t\t\t<div class=\"elementor-cta__bg-wrapper\">\n\t\t\t\t<div class=\"elementor-cta__bg elementor-bg\" style=\"background-image: url(https:\/\/projectehomebalears.org\/wp-content\/uploads\/2024\/02\/IMG_9333-1024x768.jpg);\" role=\"img\" aria-label=\"IMG_9333\"><\/div>\n\t\t\t\t<div class=\"elementor-cta__bg-overlay\"><\/div>\n\t\t\t<\/div>\n\t\t\t\t\t\t\t<div class=\"elementor-cta__content\">\n\t\t\t\t\n\t\t\t\t\t\t\t\t\t<h2 class=\"elementor-cta__title elementor-cta__content-item elementor-content-item elementor-animated-item--grow\">\n\t\t\t\t\t\tTorneig de Golf\t\t\t\t\t<\/h2>\n\t\t\t\t\n\t\t\t\t\n\t\t\t\t\t\t\t<\/div>\n\t\t\t\t\t\t<\/a>\n\t\t\t\t\t\t<\/div>\n\t\t\t\t<\/div>\n\t\t\t\t\t<\/div>\n\t\t<\/div>\n\t\t\t\t<div class=\"elementor-column elementor-col-33 elementor-top-column elementor-element elementor-element-d11bb26\" data-id=\"d11bb26\" data-element_type=\"column\" data-e-type=\"column\">\n\t\t\t<div class=\"elementor-widget-wrap elementor-element-populated\">\n\t\t\t\t\t\t<div class=\"elementor-element elementor-element-b6b6025 elementor-cta--skin-cover elementor-animated-content elementor-bg-transform elementor-bg-transform-zoom-in elementor-widget elementor-widget-call-to-action\" data-id=\"b6b6025\" data-element_type=\"widget\" data-e-type=\"widget\" data-widget_type=\"call-to-action.default\">\n\t\t\t\t<div class=\"elementor-widget-container\">\n\t\t\t\t\t\t\t<a class=\"elementor-cta\" href=\"#concierto\">\n\t\t\t\t\t<div class=\"elementor-cta__bg-wrapper\">\n\t\t\t\t<div class=\"elementor-cta__bg elementor-bg\" style=\"background-image: url(https:\/\/projectehomebalears.org\/wp-content\/uploads\/2024\/02\/IMG_3495-1024x683.jpg);\" role=\"img\" aria-label=\"IMG_3495\"><\/div>\n\t\t\t\t<div class=\"elementor-cta__bg-overlay\"><\/div>\n\t\t\t<\/div>\n\t\t\t\t\t\t\t<div class=\"elementor-cta__content\">\n\t\t\t\t\n\t\t\t\t\t\t\t\t\t<h2 class=\"elementor-cta__title elementor-cta__content-item elementor-content-item elementor-animated-item--grow\">\n\t\t\t\t\t\tConcert de G\u00f3spel\t\t\t\t\t<\/h2>\n\t\t\t\t\n\t\t\t\t\n\t\t\t\t\t\t\t<\/div>\n\t\t\t\t\t\t<\/a>\n\t\t\t\t\t\t<\/div>\n\t\t\t\t<\/div>\n\t\t\t\t\t<\/div>\n\t\t<\/div>\n\t\t\t\t\t<\/div>\n\t\t<\/section>\n\t\t\t\t<section class=\"elementor-section elementor-top-section elementor-element elementor-element-e6c162a elementor-section-boxed elementor-section-height-default elementor-section-height-default\" data-id=\"e6c162a\" data-element_type=\"section\" data-e-type=\"section\">\n\t\t\t\t\t\t<div class=\"elementor-container elementor-column-gap-default\">\n\t\t\t\t\t<div class=\"elementor-column elementor-col-33 elementor-top-column elementor-element elementor-element-aa4ee9c\" data-id=\"aa4ee9c\" data-element_type=\"column\" data-e-type=\"column\">\n\t\t\t<div class=\"elementor-widget-wrap elementor-element-populated\">\n\t\t\t\t\t\t<div class=\"elementor-element elementor-element-67678f7 elementor-cta--skin-cover elementor-animated-content elementor-bg-transform elementor-bg-transform-zoom-in elementor-widget elementor-widget-call-to-action\" data-id=\"67678f7\" data-element_type=\"widget\" data-e-type=\"widget\" data-widget_type=\"call-to-action.default\">\n\t\t\t\t<div class=\"elementor-widget-container\">\n\t\t\t\t\t\t\t<a class=\"elementor-cta\" href=\"#sopar\">\n\t\t\t\t\t<div class=\"elementor-cta__bg-wrapper\">\n\t\t\t\t<div class=\"elementor-cta__bg elementor-bg\" style=\"background-image: url(https:\/\/projectehomebalears.org\/wp-content\/uploads\/2024\/02\/IMG_2636-1024x683.jpg);\" role=\"img\" aria-label=\"IMG_2636\"><\/div>\n\t\t\t\t<div class=\"elementor-cta__bg-overlay\"><\/div>\n\t\t\t<\/div>\n\t\t\t\t\t\t\t<div class=\"elementor-cta__content\">\n\t\t\t\t\n\t\t\t\t\t\t\t\t\t<h2 class=\"elementor-cta__title elementor-cta__content-item elementor-content-item elementor-animated-item--grow\">\n\t\t\t\t\t\tSopar ben\u00e8fic\t\t\t\t\t<\/h2>\n\t\t\t\t\n\t\t\t\t\n\t\t\t\t\t\t\t<\/div>\n\t\t\t\t\t\t<\/a>\n\t\t\t\t\t\t<\/div>\n\t\t\t\t<\/div>\n\t\t\t\t\t<\/div>\n\t\t<\/div>\n\t\t\t\t<div class=\"elementor-column elementor-col-33 elementor-top-column elementor-element elementor-element-cb7678a\" data-id=\"cb7678a\" data-element_type=\"column\" data-e-type=\"column\">\n\t\t\t<div class=\"elementor-widget-wrap elementor-element-populated\">\n\t\t\t\t\t\t<div class=\"elementor-element elementor-element-81b7248 elementor-cta--skin-cover elementor-animated-content elementor-bg-transform elementor-bg-transform-zoom-in elementor-widget elementor-widget-call-to-action\" data-id=\"81b7248\" data-element_type=\"widget\" data-e-type=\"widget\" data-widget_type=\"call-to-action.default\">\n\t\t\t\t<div class=\"elementor-widget-container\">\n\t\t\t\t\t\t\t<a class=\"elementor-cta\" href=\"#aniversari\" target=\"_blank\">\n\t\t\t\t\t<div class=\"elementor-cta__bg-wrapper\">\n\t\t\t\t<div class=\"elementor-cta__bg elementor-bg\" style=\"background-image: url(https:\/\/projectehomebalears.org\/wp-content\/uploads\/2024\/02\/5_230831-ACTO-JMULLOR-2-1024x461.jpg);\" role=\"img\" aria-label=\"_5_230831 ACTO JMULLOR (2)\"><\/div>\n\t\t\t\t<div class=\"elementor-cta__bg-overlay\"><\/div>\n\t\t\t<\/div>\n\t\t\t\t\t\t\t<div class=\"elementor-cta__content\">\n\t\t\t\t\n\t\t\t\t\t\t\t\t\t<h2 class=\"elementor-cta__title elementor-cta__content-item elementor-content-item elementor-animated-item--grow\">\n\t\t\t\t\t\tAniversari PHB\t\t\t\t\t<\/h2>\n\t\t\t\t\n\t\t\t\t\n\t\t\t\t\t\t\t<\/div>\n\t\t\t\t\t\t<\/a>\n\t\t\t\t\t\t<\/div>\n\t\t\t\t<\/div>\n\t\t\t\t\t<\/div>\n\t\t<\/div>\n\t\t\t\t<div class=\"elementor-column elementor-col-33 elementor-top-column elementor-element elementor-element-ee3f004\" data-id=\"ee3f004\" data-element_type=\"column\" data-e-type=\"column\">\n\t\t\t<div class=\"elementor-widget-wrap elementor-element-populated\">\n\t\t\t\t\t\t<div class=\"elementor-element elementor-element-a4fbda9 elementor-cta--skin-cover elementor-animated-content elementor-bg-transform elementor-bg-transform-zoom-in elementor-widget elementor-widget-call-to-action\" data-id=\"a4fbda9\" data-element_type=\"widget\" data-e-type=\"widget\" data-widget_type=\"call-to-action.default\">\n\t\t\t\t<div class=\"elementor-widget-container\">\n\t\t\t\t\t\t\t<a class=\"elementor-cta\" href=\"#ayudare\">\n\t\t\t\t\t<div class=\"elementor-cta__bg-wrapper\">\n\t\t\t\t<div class=\"elementor-cta__bg elementor-bg\" style=\"background-image: url(https:\/\/projectehomebalears.org\/wp-content\/uploads\/2024\/05\/SOBRE.png);\" role=\"img\" aria-label=\"SOBRE\"><\/div>\n\t\t\t\t<div class=\"elementor-cta__bg-overlay\"><\/div>\n\t\t\t<\/div>\n\t\t\t\t\t\t\t<div class=\"elementor-cta__content\">\n\t\t\t\t\n\t\t\t\t\t\t\t\t\t<h2 class=\"elementor-cta__title elementor-cta__content-item elementor-content-item elementor-animated-item--grow\">\n\t\t\t\t\t\tCreem un nou esdeveniment solidari?\t\t\t\t\t<\/h2>\n\t\t\t\t\n\t\t\t\t\n\t\t\t\t\t\t\t<\/div>\n\t\t\t\t\t\t<\/a>\n\t\t\t\t\t\t<\/div>\n\t\t\t\t<\/div>\n\t\t\t\t\t<\/div>\n\t\t<\/div>\n\t\t\t\t\t<\/div>\n\t\t<\/section>\n\t\t\t\t<section class=\"elementor-section elementor-top-section elementor-element elementor-element-33aac3c elementor-section-boxed elementor-section-height-default elementor-section-height-default\" data-id=\"33aac3c\" data-element_type=\"section\" data-e-type=\"section\">\n\t\t\t\t\t\t<div class=\"elementor-container elementor-column-gap-default\">\n\t\t\t\t\t<div class=\"elementor-column elementor-col-100 elementor-top-column elementor-element elementor-element-ff51e57\" data-id=\"ff51e57\" data-element_type=\"column\" data-e-type=\"column\">\n\t\t\t<div class=\"elementor-widget-wrap elementor-element-populated\">\n\t\t\t\t\t\t<div class=\"elementor-element elementor-element-325263f elementor-view-default elementor-widget elementor-widget-icon\" data-id=\"325263f\" data-element_type=\"widget\" data-e-type=\"widget\" data-widget_type=\"icon.default\">\n\t\t\t\t<div class=\"elementor-widget-container\">\n\t\t\t\t\t\t\t<div class=\"elementor-icon-wrapper\">\n\t\t\t<div class=\"elementor-icon\">\n\t\t\t<i aria-hidden=\"true\" class=\"fas fa-info\"><\/i>\t\t\t<\/div>\n\t\t<\/div>\n\t\t\t\t\t\t<\/div>\n\t\t\t\t<\/div>\n\t\t\t\t<div class=\"elementor-element elementor-element-c29a141 elementor-widget elementor-widget-heading\" data-id=\"c29a141\" data-element_type=\"widget\" data-e-type=\"widget\" data-widget_type=\"heading.default\">\n\t\t\t\t<div class=\"elementor-widget-container\">\n\t\t\t\t\t<h2 class=\"elementor-heading-title elementor-size-default\">Contacta amb nosaltres<\/h2>\t\t\t\t<\/div>\n\t\t\t\t<\/div>\n\t\t\t\t<div class=\"elementor-element elementor-element-3c47779 elementor-align-center elementor-widget elementor-widget-button\" data-id=\"3c47779\" data-element_type=\"widget\" data-e-type=\"widget\" data-widget_type=\"button.default\">\n\t\t\t\t<div class=\"elementor-widget-container\">\n\t\t\t\t\t\t\t\t\t<div class=\"elementor-button-wrapper\">\n\t\t\t\t\t<a class=\"elementor-button elementor-button-link elementor-size-sm\" href=\"https:\/\/projectehomebalears.org\/contacto\/\">\n\t\t\t\t\t\t<span class=\"elementor-button-content-wrapper\">\n\t\t\t\t\t\t\t\t\t<span class=\"elementor-button-text\">Fes clic aqu\u00ed<\/span>\n\t\t\t\t\t<\/span>\n\t\t\t\t\t<\/a>\n\t\t\t\t<\/div>\n\t\t\t\t\t\t\t\t<\/div>\n\t\t\t\t<\/div>\n\t\t\t\t\t<\/div>\n\t\t<\/div>\n\t\t\t\t\t<\/div>\n\t\t<\/section>\n\t\t<div class=\"elementor-element elementor-element-0dae9e7 e-flex e-con-boxed e-con e-parent\" data-id=\"0dae9e7\" data-element_type=\"container\" data-e-type=\"container\">\n\t\t\t\t\t<div class=\"e-con-inner\">\n\t\t\t\t<div class=\"elementor-element elementor-element-a192bf4 elementor-widget elementor-widget-menu-anchor\" data-id=\"a192bf4\" data-element_type=\"widget\" data-e-type=\"widget\" data-widget_type=\"menu-anchor.default\">\n\t\t\t\t<div class=\"elementor-widget-container\">\n\t\t\t\t\t\t\t<div class=\"elementor-menu-anchor\" id=\"Catedral\"><\/div>\n\t\t\t\t\t\t<\/div>\n\t\t\t\t<\/div>\n\t\t\t\t\t<\/div>\n\t\t\t\t<\/div>\n\t\t<div class=\"elementor-element elementor-element-6f5aa38 e-flex e-con-boxed e-con e-parent\" data-id=\"6f5aa38\" data-element_type=\"container\" data-e-type=\"container\">\n\t\t\t\t\t<div class=\"e-con-inner\">\n\t\t<div class=\"elementor-element elementor-element-56e0b2e e-con-full e-flex e-con e-child\" data-id=\"56e0b2e\" data-element_type=\"container\" data-e-type=\"container\">\n\t\t\t\t<div class=\"elementor-element elementor-element-15b201b elementor-widget elementor-widget-image\" data-id=\"15b201b\" data-element_type=\"widget\" data-e-type=\"widget\" data-widget_type=\"image.default\">\n\t\t\t\t<div class=\"elementor-widget-container\">\n\t\t\t\t\t\t\t\t\t\t\t\t\t\t\t<img fetchpriority=\"high\" decoding=\"async\" width=\"800\" height=\"534\" src=\"https:\/\/projectehomebalears.org\/wp-content\/uploads\/2024\/02\/230403-Concert-Catedral-1-1024x683.jpeg\" class=\"attachment-large size-large wp-image-6357\" alt=\"\" srcset=\"https:\/\/projectehomebalears.org\/wp-content\/uploads\/2024\/02\/230403-Concert-Catedral-1-1024x683.jpeg 1024w, https:\/\/projectehomebalears.org\/wp-content\/uploads\/2024\/02\/230403-Concert-Catedral-1-300x200.jpeg 300w, https:\/\/projectehomebalears.org\/wp-content\/uploads\/2024\/02\/230403-Concert-Catedral-1-768x512.jpeg 768w, https:\/\/projectehomebalears.org\/wp-content\/uploads\/2024\/02\/230403-Concert-Catedral-1-1536x1024.jpeg 1536w, https:\/\/projectehomebalears.org\/wp-content\/uploads\/2024\/02\/230403-Concert-Catedral-1.jpeg 1599w\" sizes=\"(max-width: 800px) 100vw, 800px\" \/>\t\t\t\t\t\t\t\t\t\t\t\t\t\t\t<\/div>\n\t\t\t\t<\/div>\n\t\t\t\t<\/div>\n\t\t<div class=\"elementor-element elementor-element-58d09cc e-con-full e-flex e-con e-child\" data-id=\"58d09cc\" data-element_type=\"container\" data-e-type=\"container\">\n\t\t\t\t<div class=\"elementor-element elementor-element-2665356 elementor-widget elementor-widget-text-editor\" data-id=\"2665356\" data-element_type=\"widget\" data-e-type=\"widget\" data-widget_type=\"text-editor.default\">\n\t\t\t\t<div class=\"elementor-widget-container\">\n\t\t\t\t\t\t\t\t\t<p style=\"text-align: center;\"><span style=\"color: #f9b700;\"><strong>CONCERT DE LA CATEDRAL <\/strong><\/span><\/p><p>El concert es realitza des del 2007 i des del 2013 se celebra, com a data inamovible, el dilluns de Pasqua.<\/p><p>L&#8217;esdeveniment reuneix m\u00e9s de 1.200 persones i compta, any rere any, amb la pres\u00e8ncia de nombroses personalitats de la pol\u00edtica, la cultura i la societat mallorquina, que confirmen la seva assist\u00e8ncia per gaudir de diverses interpretacions cl\u00e0ssiques a c\u00e0rrec de l&#8217;Orquestra Simf\u00f2nica de les Illes Balears i la Coral de les Illes Balears.<\/p><p>Aquesta iniciativa solid\u00e0ria serveix per al finan\u00e7ament de programes de tractament i prevenci\u00f3 de Projecte Home Balears.<\/p>\t\t\t\t\t\t\t\t<\/div>\n\t\t\t\t<\/div>\n\t\t\t\t<div class=\"elementor-element elementor-element-201bbb7 elementor-align-right elementor-widget elementor-widget-button\" data-id=\"201bbb7\" data-element_type=\"widget\" data-e-type=\"widget\" data-widget_type=\"button.default\">\n\t\t\t\t<div class=\"elementor-widget-container\">\n\t\t\t\t\t\t\t\t\t<div class=\"elementor-button-wrapper\">\n\t\t\t\t\t<a class=\"elementor-button elementor-button-link elementor-size-sm\" href=\"#Subir\">\n\t\t\t\t\t\t<span class=\"elementor-button-content-wrapper\">\n\t\t\t\t\t\t\t\t\t<span class=\"elementor-button-text\">Pujar<\/span>\n\t\t\t\t\t<\/span>\n\t\t\t\t\t<\/a>\n\t\t\t\t<\/div>\n\t\t\t\t\t\t\t\t<\/div>\n\t\t\t\t<\/div>\n\t\t\t\t<\/div>\n\t\t\t\t\t<\/div>\n\t\t\t\t<\/div>\n\t\t<div class=\"elementor-element elementor-element-8c373ec e-flex e-con-boxed e-con e-parent\" data-id=\"8c373ec\" data-element_type=\"container\" data-e-type=\"container\">\n\t\t\t\t\t<div class=\"e-con-inner\">\n\t\t\t\t<div class=\"elementor-element elementor-element-d049535 elementor-widget elementor-widget-menu-anchor\" data-id=\"d049535\" data-element_type=\"widget\" data-e-type=\"widget\" data-widget_type=\"menu-anchor.default\">\n\t\t\t\t<div class=\"elementor-widget-container\">\n\t\t\t\t\t\t\t<div class=\"elementor-menu-anchor\" id=\"carreramanacor\"><\/div>\n\t\t\t\t\t\t<\/div>\n\t\t\t\t<\/div>\n\t\t\t\t\t<\/div>\n\t\t\t\t<\/div>\n\t\t<div class=\"elementor-element elementor-element-e67ce0d e-flex e-con-boxed e-con e-parent\" data-id=\"e67ce0d\" data-element_type=\"container\" data-e-type=\"container\">\n\t\t\t\t\t<div class=\"e-con-inner\">\n\t\t<div class=\"elementor-element elementor-element-e957fe5 e-con-full e-flex e-con e-child\" data-id=\"e957fe5\" data-element_type=\"container\" data-e-type=\"container\">\n\t\t\t\t<div class=\"elementor-element elementor-element-af187b4 elementor-widget elementor-widget-image\" data-id=\"af187b4\" data-element_type=\"widget\" data-e-type=\"widget\" data-widget_type=\"image.default\">\n\t\t\t\t<div class=\"elementor-widget-container\">\n\t\t\t\t\t\t\t\t\t\t\t\t\t\t\t<img decoding=\"async\" width=\"800\" height=\"601\" src=\"https:\/\/projectehomebalears.org\/wp-content\/uploads\/2024\/02\/IMG_2173-1024x769.jpg\" class=\"attachment-large size-large wp-image-6399\" alt=\"\" srcset=\"https:\/\/projectehomebalears.org\/wp-content\/uploads\/2024\/02\/IMG_2173-1024x769.jpg 1024w, https:\/\/projectehomebalears.org\/wp-content\/uploads\/2024\/02\/IMG_2173-300x225.jpg 300w, https:\/\/projectehomebalears.org\/wp-content\/uploads\/2024\/02\/IMG_2173-768x577.jpg 768w, https:\/\/projectehomebalears.org\/wp-content\/uploads\/2024\/02\/IMG_2173-1536x1153.jpg 1536w, https:\/\/projectehomebalears.org\/wp-content\/uploads\/2024\/02\/IMG_2173-2048x1538.jpg 2048w\" sizes=\"(max-width: 800px) 100vw, 800px\" \/>\t\t\t\t\t\t\t\t\t\t\t\t\t\t\t<\/div>\n\t\t\t\t<\/div>\n\t\t\t\t<\/div>\n\t\t<div class=\"elementor-element elementor-element-8060db8 e-con-full e-flex e-con e-child\" data-id=\"8060db8\" data-element_type=\"container\" data-e-type=\"container\">\n\t\t\t\t<div class=\"elementor-element elementor-element-ca53e7c elementor-widget elementor-widget-text-editor\" data-id=\"ca53e7c\" data-element_type=\"widget\" data-e-type=\"widget\" data-widget_type=\"text-editor.default\">\n\t\t\t\t<div class=\"elementor-widget-container\">\n\t\t\t\t\t\t\t\t\t<p style=\"text-align: center;\"><span style=\"color: #f9b700;\"><strong>CARRERA MANACOR #PROJECTEENMARXA<\/strong><\/span><\/p><p>Esport i solidaritat s&#8217;uneixen en la Carrera popular de Manacor que es va celebrar per primera vegada a l&#8217;any.<\/p><p>M\u00e9s de 400 persones es reuneixen per a fer costat a Projecte Home Balears en la seva labor.<\/p><p>La jornada consisteix en<strong> 2 carreres de diferents dist\u00e0ncies<\/strong>\u00a0i una <strong>caminada solid\u00e0ria.<\/strong>\u00a0<\/p><p>Aquest esdeveniment esportiu pret\u00e9n promoure un estil de vida saludable, sensibilitzar a la societat en l&#8217;\u00e0mbit de les addiccions i tamb\u00e9 recaptar fons per a finan\u00e7ar l&#8217;activitat de la fundaci\u00f3<\/p>\t\t\t\t\t\t\t\t<\/div>\n\t\t\t\t<\/div>\n\t\t\t\t<div class=\"elementor-element elementor-element-ad343a6 elementor-align-right elementor-widget elementor-widget-button\" data-id=\"ad343a6\" data-element_type=\"widget\" data-e-type=\"widget\" data-widget_type=\"button.default\">\n\t\t\t\t<div class=\"elementor-widget-container\">\n\t\t\t\t\t\t\t\t\t<div class=\"elementor-button-wrapper\">\n\t\t\t\t\t<a class=\"elementor-button elementor-button-link elementor-size-sm\" href=\"#Subir\">\n\t\t\t\t\t\t<span class=\"elementor-button-content-wrapper\">\n\t\t\t\t\t\t\t\t\t<span class=\"elementor-button-text\">Pujar<\/span>\n\t\t\t\t\t<\/span>\n\t\t\t\t\t<\/a>\n\t\t\t\t<\/div>\n\t\t\t\t\t\t\t\t<\/div>\n\t\t\t\t<\/div>\n\t\t\t\t<\/div>\n\t\t\t\t\t<\/div>\n\t\t\t\t<\/div>\n\t\t<div class=\"elementor-element elementor-element-b3d743f e-flex e-con-boxed e-con e-parent\" data-id=\"b3d743f\" data-element_type=\"container\" data-e-type=\"container\">\n\t\t\t\t\t<div class=\"e-con-inner\">\n\t\t\t\t<div class=\"elementor-element elementor-element-96a9ec9 elementor-widget elementor-widget-menu-anchor\" data-id=\"96a9ec9\" data-element_type=\"widget\" data-e-type=\"widget\" data-widget_type=\"menu-anchor.default\">\n\t\t\t\t<div class=\"elementor-widget-container\">\n\t\t\t\t\t\t\t<div class=\"elementor-menu-anchor\" id=\"artperlavida\"><\/div>\n\t\t\t\t\t\t<\/div>\n\t\t\t\t<\/div>\n\t\t\t\t\t<\/div>\n\t\t\t\t<\/div>\n\t\t<div class=\"elementor-element elementor-element-127d9b9 e-flex e-con-boxed e-con e-parent\" data-id=\"127d9b9\" data-element_type=\"container\" data-e-type=\"container\">\n\t\t\t\t\t<div class=\"e-con-inner\">\n\t\t<div class=\"elementor-element elementor-element-fc85ba6 e-con-full e-flex e-con e-child\" data-id=\"fc85ba6\" data-element_type=\"container\" data-e-type=\"container\">\n\t\t\t\t<div class=\"elementor-element elementor-element-486e474 elementor-widget elementor-widget-image\" data-id=\"486e474\" data-element_type=\"widget\" data-e-type=\"widget\" data-widget_type=\"image.default\">\n\t\t\t\t<div class=\"elementor-widget-container\">\n\t\t\t\t\t\t\t\t\t\t\t\t\t\t\t<img decoding=\"async\" width=\"800\" height=\"600\" src=\"https:\/\/projectehomebalears.org\/wp-content\/uploads\/2024\/02\/230324-Art-Santa-Margalida-3-1024x768.jpg\" class=\"attachment-large size-large wp-image-6432\" alt=\"\" srcset=\"https:\/\/projectehomebalears.org\/wp-content\/uploads\/2024\/02\/230324-Art-Santa-Margalida-3-1024x768.jpg 1024w, https:\/\/projectehomebalears.org\/wp-content\/uploads\/2024\/02\/230324-Art-Santa-Margalida-3-300x225.jpg 300w, https:\/\/projectehomebalears.org\/wp-content\/uploads\/2024\/02\/230324-Art-Santa-Margalida-3-768x576.jpg 768w, https:\/\/projectehomebalears.org\/wp-content\/uploads\/2024\/02\/230324-Art-Santa-Margalida-3-1536x1152.jpg 1536w, https:\/\/projectehomebalears.org\/wp-content\/uploads\/2024\/02\/230324-Art-Santa-Margalida-3.jpg 2048w\" sizes=\"(max-width: 800px) 100vw, 800px\" \/>\t\t\t\t\t\t\t\t\t\t\t\t\t\t\t<\/div>\n\t\t\t\t<\/div>\n\t\t\t\t<\/div>\n\t\t<div class=\"elementor-element elementor-element-db3abad e-con-full e-flex e-con e-child\" data-id=\"db3abad\" data-element_type=\"container\" data-e-type=\"container\">\n\t\t\t\t<div class=\"elementor-element elementor-element-cfc4acb elementor-widget elementor-widget-text-editor\" data-id=\"cfc4acb\" data-element_type=\"widget\" data-e-type=\"widget\" data-widget_type=\"text-editor.default\">\n\t\t\t\t<div class=\"elementor-widget-container\">\n\t\t\t\t\t\t\t\t\t<p style=\"text-align: center;\"><span style=\"text-align: var(--text-align); background-color: var( --e-global-color-65fe180 ); color: #f9b700; letter-spacing: -0.1px;\"><b>ART PER LA VIDA<\/b><\/span><\/p><p style=\"text-align: left;\">Art per a la vida es va iniciar a l&#8217;octubre de 2017 per iniciativa del departament de Cultura, Patrimoni i Esports del Consell de Mallorca i Projecte Home Balears a la qual en 2018 es van sumar els Consells de Menorca i Eivissa completant una mostra \u00fanica en la qual han col\u00b7laborat 95 artistes de les illes Balears, amb el doble objectiu de recaptar fons per a Projecte Home i donar visibilitat als corrents art\u00edstics actuals del nostre arxip\u00e8lag.<\/p><p><strong>Els 95 artistes <\/strong>que desenvolupen la seva activitat en les tres illes, han ofert la seva creativitat de manera solid\u00e0ria per a l&#8217;elaboraci\u00f3 de serigrafies a quatre colors i de petit format. Les obres es poden obtenir en la seu de Projecte Home Balears a Son Morro realitzant un donatiu. Tamb\u00e9 es realitzen exposicions itinerants per tota la comunitat de manera cont\u00ednua per a poder acostar la mostra a totes les localitats.<\/p><p>Pots veure totes les obres en el <a href=\"https:\/\/www.projectehome.com\/upload\/5fbd224fad1e6.pdf\" target=\"_blank\" rel=\"noopener\"><strong>dossier adjunt<\/strong>.<\/a><\/p><p style=\"text-align: left;\">\u00a0<\/p>\t\t\t\t\t\t\t\t<\/div>\n\t\t\t\t<\/div>\n\t\t\t\t<div class=\"elementor-element elementor-element-d9932aa elementor-align-right elementor-widget elementor-widget-button\" data-id=\"d9932aa\" data-element_type=\"widget\" data-e-type=\"widget\" data-widget_type=\"button.default\">\n\t\t\t\t<div class=\"elementor-widget-container\">\n\t\t\t\t\t\t\t\t\t<div class=\"elementor-button-wrapper\">\n\t\t\t\t\t<a class=\"elementor-button elementor-button-link elementor-size-sm\" href=\"#Subir\">\n\t\t\t\t\t\t<span class=\"elementor-button-content-wrapper\">\n\t\t\t\t\t\t\t\t\t<span class=\"elementor-button-text\">Pujar<\/span>\n\t\t\t\t\t<\/span>\n\t\t\t\t\t<\/a>\n\t\t\t\t<\/div>\n\t\t\t\t\t\t\t\t<\/div>\n\t\t\t\t<\/div>\n\t\t\t\t<\/div>\n\t\t\t\t\t<\/div>\n\t\t\t\t<\/div>\n\t\t<div class=\"elementor-element elementor-element-56d1f8b e-flex e-con-boxed e-con e-parent\" data-id=\"56d1f8b\" data-element_type=\"container\" data-e-type=\"container\">\n\t\t\t\t\t<div class=\"e-con-inner\">\n\t\t\t\t<div class=\"elementor-element elementor-element-80d86b0 elementor-widget elementor-widget-menu-anchor\" data-id=\"80d86b0\" data-element_type=\"widget\" data-e-type=\"widget\" data-widget_type=\"menu-anchor.default\">\n\t\t\t\t<div class=\"elementor-widget-container\">\n\t\t\t\t\t\t\t<div class=\"elementor-menu-anchor\" id=\"regata\"><\/div>\n\t\t\t\t\t\t<\/div>\n\t\t\t\t<\/div>\n\t\t\t\t\t<\/div>\n\t\t\t\t<\/div>\n\t\t<div class=\"elementor-element elementor-element-42c78b0 e-flex e-con-boxed e-con e-parent\" data-id=\"42c78b0\" data-element_type=\"container\" data-e-type=\"container\">\n\t\t\t\t\t<div class=\"e-con-inner\">\n\t\t<div class=\"elementor-element elementor-element-749e693 e-con-full e-flex e-con e-child\" data-id=\"749e693\" data-element_type=\"container\" data-e-type=\"container\">\n\t\t\t\t<div class=\"elementor-element elementor-element-1dca245 elementor-widget elementor-widget-image\" data-id=\"1dca245\" data-element_type=\"widget\" data-e-type=\"widget\" data-widget_type=\"image.default\">\n\t\t\t\t<div class=\"elementor-widget-container\">\n\t\t\t\t\t\t\t\t\t\t\t\t\t\t\t<img loading=\"lazy\" decoding=\"async\" width=\"800\" height=\"534\" src=\"https:\/\/projectehomebalears.org\/wp-content\/uploads\/2024\/02\/IMG_8579-1024x683.jpg\" class=\"attachment-large size-large wp-image-6599\" alt=\"\" srcset=\"https:\/\/projectehomebalears.org\/wp-content\/uploads\/2024\/02\/IMG_8579-1024x683.jpg 1024w, https:\/\/projectehomebalears.org\/wp-content\/uploads\/2024\/02\/IMG_8579-300x200.jpg 300w, https:\/\/projectehomebalears.org\/wp-content\/uploads\/2024\/02\/IMG_8579-768x512.jpg 768w, https:\/\/projectehomebalears.org\/wp-content\/uploads\/2024\/02\/IMG_8579-1536x1024.jpg 1536w, https:\/\/projectehomebalears.org\/wp-content\/uploads\/2024\/02\/IMG_8579-2048x1365.jpg 2048w\" sizes=\"(max-width: 800px) 100vw, 800px\" \/>\t\t\t\t\t\t\t\t\t\t\t\t\t\t\t<\/div>\n\t\t\t\t<\/div>\n\t\t\t\t<\/div>\n\t\t<div class=\"elementor-element elementor-element-318d4c5 e-con-full e-flex e-con e-child\" data-id=\"318d4c5\" data-element_type=\"container\" data-e-type=\"container\">\n\t\t\t\t<div class=\"elementor-element elementor-element-850ab18 elementor-widget elementor-widget-text-editor\" data-id=\"850ab18\" data-element_type=\"widget\" data-e-type=\"widget\" data-widget_type=\"text-editor.default\">\n\t\t\t\t<div class=\"elementor-widget-container\">\n\t\t\t\t\t\t\t\t\t<p style=\"text-align: center;\"><span style=\"color: #f9b700;\"><b>REGATA ALC\u00daDIA<\/b><\/span><\/p>\n<p>Enguany ja ser\u00e0 la IV regata solid\u00e0ria \u201cTrofeu <strong>Alcudiamar<\/strong> \u2013 Projecte Home Balears\u201d, un esdeveniment de car\u00e0cter social i solidari gr\u00e0cies al suport de Alcudiamar.<\/p>\n<p>Durant les dues jornades, en paral\u00b7lel a les regates, s&#8217;organitzen nombroses activitats per al p\u00fablic assistent: <strong>tallers ambientals, neteja de platja, jocs infantils, food trucks i concerts i m\u00fasica en directe.<\/strong><\/p>\n<p>Aquesta <strong>regata solid\u00e0ria en 2023<\/strong> <b>va ser<\/b> <strong>pionera en calcular i reduir els impactes de mobilitat<\/strong> de tots els assistents per a despr\u00e9s compensar-los amb un projecte de Nacions Unides.<\/p>\n\t\t\t\t\t\t\t\t<\/div>\n\t\t\t\t<\/div>\n\t\t\t\t<div class=\"elementor-element elementor-element-203edb5 elementor-align-right elementor-widget elementor-widget-button\" data-id=\"203edb5\" data-element_type=\"widget\" data-e-type=\"widget\" data-widget_type=\"button.default\">\n\t\t\t\t<div class=\"elementor-widget-container\">\n\t\t\t\t\t\t\t\t\t<div class=\"elementor-button-wrapper\">\n\t\t\t\t\t<a class=\"elementor-button elementor-button-link elementor-size-sm\" href=\"#Subir\">\n\t\t\t\t\t\t<span class=\"elementor-button-content-wrapper\">\n\t\t\t\t\t\t\t\t\t<span class=\"elementor-button-text\">Pujar<\/span>\n\t\t\t\t\t<\/span>\n\t\t\t\t\t<\/a>\n\t\t\t\t<\/div>\n\t\t\t\t\t\t\t\t<\/div>\n\t\t\t\t<\/div>\n\t\t\t\t<\/div>\n\t\t\t\t\t<\/div>\n\t\t\t\t<\/div>\n\t\t<div class=\"elementor-element elementor-element-1afeaa1 e-flex e-con-boxed e-con e-parent\" data-id=\"1afeaa1\" data-element_type=\"container\" data-e-type=\"container\">\n\t\t\t\t\t<div class=\"e-con-inner\">\n\t\t\t\t<div class=\"elementor-element elementor-element-6424709 elementor-widget elementor-widget-menu-anchor\" data-id=\"6424709\" data-element_type=\"widget\" data-e-type=\"widget\" data-widget_type=\"menu-anchor.default\">\n\t\t\t\t<div class=\"elementor-widget-container\">\n\t\t\t\t\t\t\t<div class=\"elementor-menu-anchor\" id=\"torneig\"><\/div>\n\t\t\t\t\t\t<\/div>\n\t\t\t\t<\/div>\n\t\t\t\t\t<\/div>\n\t\t\t\t<\/div>\n\t\t<div class=\"elementor-element elementor-element-d8ec1f4 e-flex e-con-boxed e-con e-parent\" data-id=\"d8ec1f4\" data-element_type=\"container\" data-e-type=\"container\">\n\t\t\t\t\t<div class=\"e-con-inner\">\n\t\t<div class=\"elementor-element elementor-element-55be8ad e-con-full e-flex e-con e-child\" data-id=\"55be8ad\" data-element_type=\"container\" data-e-type=\"container\">\n\t\t\t\t<div class=\"elementor-element elementor-element-42afaf9 elementor-widget elementor-widget-image\" data-id=\"42afaf9\" data-element_type=\"widget\" data-e-type=\"widget\" data-widget_type=\"image.default\">\n\t\t\t\t<div class=\"elementor-widget-container\">\n\t\t\t\t\t\t\t\t\t\t\t\t\t\t\t<img loading=\"lazy\" decoding=\"async\" width=\"800\" height=\"600\" src=\"https:\/\/projectehomebalears.org\/wp-content\/uploads\/2024\/02\/IMG_9654-1024x768.jpg\" class=\"attachment-large size-large wp-image-6601\" alt=\"\" srcset=\"https:\/\/projectehomebalears.org\/wp-content\/uploads\/2024\/02\/IMG_9654-1024x768.jpg 1024w, https:\/\/projectehomebalears.org\/wp-content\/uploads\/2024\/02\/IMG_9654-300x225.jpg 300w, https:\/\/projectehomebalears.org\/wp-content\/uploads\/2024\/02\/IMG_9654-768x576.jpg 768w, https:\/\/projectehomebalears.org\/wp-content\/uploads\/2024\/02\/IMG_9654-1536x1152.jpg 1536w, https:\/\/projectehomebalears.org\/wp-content\/uploads\/2024\/02\/IMG_9654-2048x1536.jpg 2048w\" sizes=\"(max-width: 800px) 100vw, 800px\" \/>\t\t\t\t\t\t\t\t\t\t\t\t\t\t\t<\/div>\n\t\t\t\t<\/div>\n\t\t\t\t<\/div>\n\t\t<div class=\"elementor-element elementor-element-66b712e e-con-full e-flex e-con e-child\" data-id=\"66b712e\" data-element_type=\"container\" data-e-type=\"container\">\n\t\t\t\t<div class=\"elementor-element elementor-element-d63297e elementor-widget elementor-widget-text-editor\" data-id=\"d63297e\" data-element_type=\"widget\" data-e-type=\"widget\" data-widget_type=\"text-editor.default\">\n\t\t\t\t<div class=\"elementor-widget-container\">\n\t\t\t\t\t\t\t\t\t<p style=\"text-align: center;\"><span style=\"text-align: var(--text-align); background-color: var( --e-global-color-65fe180 ); color: #f9b700; letter-spacing: -0.1px;\"><b>TORNEIG DE GOLF SOLIDARI<\/b><\/span><\/p><p>Aquest torneig de golf \u00e9s possible gr\u00e0cies al suport del <strong>Club de Golf Santa Ponsa<\/strong> que cedeix el camp de manera altruista i ens dona totes les facilitats possibles per a la seva realitzaci\u00f3.<\/p><p>Els i les participants del torneig (Parelles Millor Bola <em>Stableford<\/em>) reben durant la jornada un <em>Welcome Pack <\/em>amb obsequis i berenar i participen en un sorteig amb regals per a tots i totes.<\/p><p>L&#8217;objectiu principal d&#8217;aquests esdeveniments \u00e9s reunir la comunitat de golfistes i a la comunitat en general per a gaudir d&#8217;un dia d&#8217;esport mentre es dona suport a una causa solid\u00e0ria. La inscripci\u00f3 \u00edntegra dels i les participants es dedica a fer costat a l&#8217;entitat en les activitats de prevenci\u00f3 i tractament.<\/p>\t\t\t\t\t\t\t\t<\/div>\n\t\t\t\t<\/div>\n\t\t\t\t<div class=\"elementor-element elementor-element-cf5f6e0 elementor-align-right elementor-widget elementor-widget-button\" data-id=\"cf5f6e0\" data-element_type=\"widget\" data-e-type=\"widget\" data-widget_type=\"button.default\">\n\t\t\t\t<div class=\"elementor-widget-container\">\n\t\t\t\t\t\t\t\t\t<div class=\"elementor-button-wrapper\">\n\t\t\t\t\t<a class=\"elementor-button elementor-button-link elementor-size-sm\" href=\"#Subir\">\n\t\t\t\t\t\t<span class=\"elementor-button-content-wrapper\">\n\t\t\t\t\t\t\t\t\t<span class=\"elementor-button-text\">Pujar<\/span>\n\t\t\t\t\t<\/span>\n\t\t\t\t\t<\/a>\n\t\t\t\t<\/div>\n\t\t\t\t\t\t\t\t<\/div>\n\t\t\t\t<\/div>\n\t\t\t\t<\/div>\n\t\t\t\t\t<\/div>\n\t\t\t\t<\/div>\n\t\t<div class=\"elementor-element elementor-element-10fd691 e-flex e-con-boxed e-con e-parent\" data-id=\"10fd691\" data-element_type=\"container\" data-e-type=\"container\">\n\t\t\t\t\t<div class=\"e-con-inner\">\n\t\t\t\t<div class=\"elementor-element elementor-element-216043d elementor-widget elementor-widget-menu-anchor\" data-id=\"216043d\" data-element_type=\"widget\" data-e-type=\"widget\" data-widget_type=\"menu-anchor.default\">\n\t\t\t\t<div class=\"elementor-widget-container\">\n\t\t\t\t\t\t\t<div class=\"elementor-menu-anchor\" id=\"concert\"><\/div>\n\t\t\t\t\t\t<\/div>\n\t\t\t\t<\/div>\n\t\t\t\t\t<\/div>\n\t\t\t\t<\/div>\n\t\t<div class=\"elementor-element elementor-element-9bdf454 e-flex e-con-boxed e-con e-parent\" data-id=\"9bdf454\" data-element_type=\"container\" data-e-type=\"container\">\n\t\t\t\t\t<div class=\"e-con-inner\">\n\t\t<div class=\"elementor-element elementor-element-902c1c3 e-con-full e-flex e-con e-child\" data-id=\"902c1c3\" data-element_type=\"container\" data-e-type=\"container\">\n\t\t\t\t<div class=\"elementor-element elementor-element-c252ef9 elementor-widget elementor-widget-image\" data-id=\"c252ef9\" data-element_type=\"widget\" data-e-type=\"widget\" data-widget_type=\"image.default\">\n\t\t\t\t<div class=\"elementor-widget-container\">\n\t\t\t\t\t\t\t\t\t\t\t\t\t\t\t<img loading=\"lazy\" decoding=\"async\" width=\"800\" height=\"534\" src=\"https:\/\/projectehomebalears.org\/wp-content\/uploads\/2024\/02\/IMG_6162-1024x683.jpg\" class=\"attachment-large size-large wp-image-6602\" alt=\"\" srcset=\"https:\/\/projectehomebalears.org\/wp-content\/uploads\/2024\/02\/IMG_6162-1024x683.jpg 1024w, https:\/\/projectehomebalears.org\/wp-content\/uploads\/2024\/02\/IMG_6162-300x200.jpg 300w, https:\/\/projectehomebalears.org\/wp-content\/uploads\/2024\/02\/IMG_6162-768x512.jpg 768w, https:\/\/projectehomebalears.org\/wp-content\/uploads\/2024\/02\/IMG_6162-1536x1024.jpg 1536w, https:\/\/projectehomebalears.org\/wp-content\/uploads\/2024\/02\/IMG_6162-2048x1365.jpg 2048w\" sizes=\"(max-width: 800px) 100vw, 800px\" \/>\t\t\t\t\t\t\t\t\t\t\t\t\t\t\t<\/div>\n\t\t\t\t<\/div>\n\t\t\t\t<\/div>\n\t\t<div class=\"elementor-element elementor-element-4b266e3 e-con-full e-flex e-con e-child\" data-id=\"4b266e3\" data-element_type=\"container\" data-e-type=\"container\">\n\t\t\t\t<div class=\"elementor-element elementor-element-15cc4d3 elementor-widget elementor-widget-text-editor\" data-id=\"15cc4d3\" data-element_type=\"widget\" data-e-type=\"widget\" data-widget_type=\"text-editor.default\">\n\t\t\t\t<div class=\"elementor-widget-container\">\n\t\t\t\t\t\t\t\t\t<p style=\"text-align: center;\"><span style=\"text-align: var(--text-align); background-color: var( --e-global-color-65fe180 ); color: #f9b700; letter-spacing: -0.1px;\"><b>CONCERT DE G\u00d3SPEL<\/b><\/span><\/p><p>El mes de febrer, en la Bas\u00edlica de <em>Sant Francesc<\/em> de Palma, t\u00e9 lloc un concert solidari de g\u00f3spel i espirituals negres a benefici de Projecte Home Balears.<\/p><p>Aquesta iniciativa, duta a terme de manera altruista per la <strong>Coral PALMA GOSPEL SINGERS i la CAPELLA MALLORQUINA<\/strong> pret\u00e9n acostar la m\u00fasica g\u00f3spel i els espirituals negres a la comunitat i a l&#8217;hora recaptar fons per a recolzar la yasca de Projecte Home Balears.<\/p><p>Us deixem un v\u00eddeo del concert de l&#8217;any 2023 <a href=\"https:\/\/youtu.be\/Rz39R2QGaAM?si=aK1Q_MVrA6Jm03ok\" target=\"_blank\" rel=\"noopener\">VEURE V\u00cdDEO<\/a><\/p>\t\t\t\t\t\t\t\t<\/div>\n\t\t\t\t<\/div>\n\t\t\t\t<div class=\"elementor-element elementor-element-457aa98 elementor-align-right elementor-widget elementor-widget-button\" data-id=\"457aa98\" data-element_type=\"widget\" data-e-type=\"widget\" data-widget_type=\"button.default\">\n\t\t\t\t<div class=\"elementor-widget-container\">\n\t\t\t\t\t\t\t\t\t<div class=\"elementor-button-wrapper\">\n\t\t\t\t\t<a class=\"elementor-button elementor-button-link elementor-size-sm\" href=\"#Subir\">\n\t\t\t\t\t\t<span class=\"elementor-button-content-wrapper\">\n\t\t\t\t\t\t\t\t\t<span class=\"elementor-button-text\">Pujar<\/span>\n\t\t\t\t\t<\/span>\n\t\t\t\t\t<\/a>\n\t\t\t\t<\/div>\n\t\t\t\t\t\t\t\t<\/div>\n\t\t\t\t<\/div>\n\t\t\t\t<\/div>\n\t\t\t\t\t<\/div>\n\t\t\t\t<\/div>\n\t\t<div class=\"elementor-element elementor-element-4fd6cca e-flex e-con-boxed e-con e-parent\" data-id=\"4fd6cca\" data-element_type=\"container\" data-e-type=\"container\">\n\t\t\t\t\t<div class=\"e-con-inner\">\n\t\t\t\t<div class=\"elementor-element elementor-element-c82e0ec elementor-widget elementor-widget-menu-anchor\" data-id=\"c82e0ec\" data-element_type=\"widget\" data-e-type=\"widget\" data-widget_type=\"menu-anchor.default\">\n\t\t\t\t<div class=\"elementor-widget-container\">\n\t\t\t\t\t\t\t<div class=\"elementor-menu-anchor\" id=\"sopar\"><\/div>\n\t\t\t\t\t\t<\/div>\n\t\t\t\t<\/div>\n\t\t\t\t\t<\/div>\n\t\t\t\t<\/div>\n\t\t<div class=\"elementor-element elementor-element-40e6488 e-flex e-con-boxed e-con e-parent\" data-id=\"40e6488\" data-element_type=\"container\" data-e-type=\"container\">\n\t\t\t\t\t<div class=\"e-con-inner\">\n\t\t<div class=\"elementor-element elementor-element-f8d1317 e-con-full e-flex e-con e-child\" data-id=\"f8d1317\" data-element_type=\"container\" data-e-type=\"container\">\n\t\t\t\t<div class=\"elementor-element elementor-element-caf52ce elementor-widget elementor-widget-image\" data-id=\"caf52ce\" data-element_type=\"widget\" data-e-type=\"widget\" data-widget_type=\"image.default\">\n\t\t\t\t<div class=\"elementor-widget-container\">\n\t\t\t\t\t\t\t\t\t\t\t\t\t\t\t<img loading=\"lazy\" decoding=\"async\" width=\"800\" height=\"534\" src=\"https:\/\/projectehomebalears.org\/wp-content\/uploads\/2024\/02\/24_ProjecteHome-1024x683.jpg\" class=\"attachment-large size-large wp-image-6603\" alt=\"\" srcset=\"https:\/\/projectehomebalears.org\/wp-content\/uploads\/2024\/02\/24_ProjecteHome-1024x683.jpg 1024w, https:\/\/projectehomebalears.org\/wp-content\/uploads\/2024\/02\/24_ProjecteHome-300x200.jpg 300w, https:\/\/projectehomebalears.org\/wp-content\/uploads\/2024\/02\/24_ProjecteHome-768x512.jpg 768w, https:\/\/projectehomebalears.org\/wp-content\/uploads\/2024\/02\/24_ProjecteHome-1536x1024.jpg 1536w, https:\/\/projectehomebalears.org\/wp-content\/uploads\/2024\/02\/24_ProjecteHome-2048x1365.jpg 2048w\" sizes=\"(max-width: 800px) 100vw, 800px\" \/>\t\t\t\t\t\t\t\t\t\t\t\t\t\t\t<\/div>\n\t\t\t\t<\/div>\n\t\t\t\t<\/div>\n\t\t<div class=\"elementor-element elementor-element-95b3d14 e-con-full e-flex e-con e-child\" data-id=\"95b3d14\" data-element_type=\"container\" data-e-type=\"container\">\n\t\t\t\t<div class=\"elementor-element elementor-element-aca0bfe elementor-widget elementor-widget-text-editor\" data-id=\"aca0bfe\" data-element_type=\"widget\" data-e-type=\"widget\" data-widget_type=\"text-editor.default\">\n\t\t\t\t<div class=\"elementor-widget-container\">\n\t\t\t\t\t\t\t\t\t<p style=\"text-align: center;\"><span style=\"text-align: var(--text-align); background-color: var( --e-global-color-65fe180 ); color: #f9b700; letter-spacing: -0.1px;\"><b>SOPAR SOLIDARI PROJECTE JOVE<\/b><\/span><\/p><p>El sopar solidari de gala de Projecte Jove \u00e9s un esdeveniment social formal que s&#8217;organitza des de fa 19 edicions amb el prop\u00f2sit de recaptar fons per a la nostra organitzaci\u00f3 i proporcionar als assistents una experi\u00e8ncia social i cultural memorable.<\/p><p>El sopar t\u00e9 lloc a l&#8217;inigualable i elegant <strong>Hotel GPRO Valpara\u00edso Palace Spa<\/strong> i els assistents gaudeixen d&#8217;una decoraci\u00f3 \u00fanica dissenyada per a l&#8217;esdeveniment, a c\u00e0rrec d&#8217;<strong>Accions de cor Ikea<\/strong> i d&#8217;un menjar de diversos plats preparada per xefs professionals d&#8217;alta qualitat.<\/p><p>A m\u00e9s, el sopar ben\u00e8fic de gala inclou la presentaci\u00f3 de l&#8217;esdeveniment, diversos testimonis que posen veu a l&#8217;activitat que realitza Projecte Jove, una subhasta i un sorteig, aix\u00ed com el lliurament dels premis per a agrair la col\u00b7laboraci\u00f3 d&#8217;entitats, empreses i\/o persones.<\/p>\t\t\t\t\t\t\t\t<\/div>\n\t\t\t\t<\/div>\n\t\t\t\t<div class=\"elementor-element elementor-element-f1f0374 elementor-align-right elementor-widget elementor-widget-button\" data-id=\"f1f0374\" data-element_type=\"widget\" data-e-type=\"widget\" data-widget_type=\"button.default\">\n\t\t\t\t<div class=\"elementor-widget-container\">\n\t\t\t\t\t\t\t\t\t<div class=\"elementor-button-wrapper\">\n\t\t\t\t\t<a class=\"elementor-button elementor-button-link elementor-size-sm\" href=\"#Subir\">\n\t\t\t\t\t\t<span class=\"elementor-button-content-wrapper\">\n\t\t\t\t\t\t\t\t\t<span class=\"elementor-button-text\">Pujar<\/span>\n\t\t\t\t\t<\/span>\n\t\t\t\t\t<\/a>\n\t\t\t\t<\/div>\n\t\t\t\t\t\t\t\t<\/div>\n\t\t\t\t<\/div>\n\t\t\t\t<\/div>\n\t\t\t\t\t<\/div>\n\t\t\t\t<\/div>\n\t\t<div class=\"elementor-element elementor-element-8fc7241 e-flex e-con-boxed e-con e-parent\" data-id=\"8fc7241\" data-element_type=\"container\" data-e-type=\"container\">\n\t\t\t\t\t<div class=\"e-con-inner\">\n\t\t\t\t<div class=\"elementor-element elementor-element-9b60b00 elementor-widget elementor-widget-menu-anchor\" data-id=\"9b60b00\" data-element_type=\"widget\" data-e-type=\"widget\" data-widget_type=\"menu-anchor.default\">\n\t\t\t\t<div class=\"elementor-widget-container\">\n\t\t\t\t\t\t\t<div class=\"elementor-menu-anchor\" id=\"aniversari\"><\/div>\n\t\t\t\t\t\t<\/div>\n\t\t\t\t<\/div>\n\t\t\t\t\t<\/div>\n\t\t\t\t<\/div>\n\t\t<div class=\"elementor-element elementor-element-0be1697 e-flex e-con-boxed e-con e-parent\" data-id=\"0be1697\" data-element_type=\"container\" data-e-type=\"container\">\n\t\t\t\t\t<div class=\"e-con-inner\">\n\t\t<div class=\"elementor-element elementor-element-efc0468 e-con-full e-flex e-con e-child\" data-id=\"efc0468\" data-element_type=\"container\" data-e-type=\"container\">\n\t\t\t\t<div class=\"elementor-element elementor-element-504e9b6 elementor-widget elementor-widget-image\" data-id=\"504e9b6\" data-element_type=\"widget\" data-e-type=\"widget\" data-widget_type=\"image.default\">\n\t\t\t\t<div class=\"elementor-widget-container\">\n\t\t\t\t\t\t\t\t\t\t\t\t\t\t\t<img loading=\"lazy\" decoding=\"async\" width=\"800\" height=\"534\" src=\"https:\/\/projectehomebalears.org\/wp-content\/uploads\/2024\/02\/15_230831-TOMEU-CATALA-3-1024x683.jpg\" class=\"attachment-large size-large wp-image-6604\" alt=\"\" srcset=\"https:\/\/projectehomebalears.org\/wp-content\/uploads\/2024\/02\/15_230831-TOMEU-CATALA-3-1024x683.jpg 1024w, https:\/\/projectehomebalears.org\/wp-content\/uploads\/2024\/02\/15_230831-TOMEU-CATALA-3-300x200.jpg 300w, https:\/\/projectehomebalears.org\/wp-content\/uploads\/2024\/02\/15_230831-TOMEU-CATALA-3-768x512.jpg 768w, https:\/\/projectehomebalears.org\/wp-content\/uploads\/2024\/02\/15_230831-TOMEU-CATALA-3-1536x1024.jpg 1536w, https:\/\/projectehomebalears.org\/wp-content\/uploads\/2024\/02\/15_230831-TOMEU-CATALA-3-2048x1365.jpg 2048w\" sizes=\"(max-width: 800px) 100vw, 800px\" \/>\t\t\t\t\t\t\t\t\t\t\t\t\t\t\t<\/div>\n\t\t\t\t<\/div>\n\t\t\t\t<\/div>\n\t\t<div class=\"elementor-element elementor-element-1da45b4 e-con-full e-flex e-con e-child\" data-id=\"1da45b4\" data-element_type=\"container\" data-e-type=\"container\">\n\t\t\t\t<div class=\"elementor-element elementor-element-a6e385d elementor-widget elementor-widget-text-editor\" data-id=\"a6e385d\" data-element_type=\"widget\" data-e-type=\"widget\" data-widget_type=\"text-editor.default\">\n\t\t\t\t<div class=\"elementor-widget-container\">\n\t\t\t\t\t\t\t\t\t<p style=\"text-align: center;\"><span style=\"text-align: var(--text-align); background-color: var( --e-global-color-65fe180 ); color: #f7b700; letter-spacing: -0.1px;\"><b>ANIVERSARI PROJECTE HOME BALEARS<\/b><\/span><\/p><p>Durant setmanes es van realitzat activitats i tallers en els diferents centres de Projecte Home Balears, en les quals participen nombroses persones usu\u00e0ries, aix\u00ed com familiars, voluntaris i volunt\u00e0ries i altes terap\u00e8utiques.<\/p><p style=\"text-align: left;\"><span style=\"text-align: var(--text-align); background-color: var( --e-global-color-65fe180 ); color: var( --e-global-color-text ); letter-spacing: -0.1px;\">L&#8217;acte central de la celebraci\u00f3 es realitza a la seu Son Morro de Palma, l&#8217;\u00faltima setmana d&#8217;agost i s<\/span><span style=\"text-align: var(--text-align); background-color: var( --e-global-color-65fe180 ); color: var( --e-global-color-text ); letter-spacing: -0.1px;\">e espera l&#8217;assist\u00e8ncia d&#8217;un miler de persones, a m\u00e9s de nombroses autoritats convidades. Aquest acte serveix per a poder donar testimoniatge a les nombroses altes terap\u00e8utiques que s&#8217;han viscut durant l&#8217;any, aix\u00ed com per a poder gaudir d&#8217;actuacions musicals. <\/span><\/p>\t\t\t\t\t\t\t\t<\/div>\n\t\t\t\t<\/div>\n\t\t\t\t<div class=\"elementor-element elementor-element-28338e9 elementor-align-right elementor-widget elementor-widget-button\" data-id=\"28338e9\" data-element_type=\"widget\" data-e-type=\"widget\" data-widget_type=\"button.default\">\n\t\t\t\t<div class=\"elementor-widget-container\">\n\t\t\t\t\t\t\t\t\t<div class=\"elementor-button-wrapper\">\n\t\t\t\t\t<a class=\"elementor-button elementor-button-link elementor-size-sm\" href=\"#Subir\">\n\t\t\t\t\t\t<span class=\"elementor-button-content-wrapper\">\n\t\t\t\t\t\t\t\t\t<span class=\"elementor-button-text\">Pujar<\/span>\n\t\t\t\t\t<\/span>\n\t\t\t\t\t<\/a>\n\t\t\t\t<\/div>\n\t\t\t\t\t\t\t\t<\/div>\n\t\t\t\t<\/div>\n\t\t\t\t<\/div>\n\t\t\t\t\t<\/div>\n\t\t\t\t<\/div>\n\t\t<div class=\"elementor-element elementor-element-e1f8213 e-flex e-con-boxed e-con e-parent\" data-id=\"e1f8213\" data-element_type=\"container\" data-e-type=\"container\">\n\t\t\t\t\t<div class=\"e-con-inner\">\n\t\t\t\t<div class=\"elementor-element elementor-element-8185966 elementor-widget elementor-widget-menu-anchor\" data-id=\"8185966\" data-element_type=\"widget\" data-e-type=\"widget\" data-widget_type=\"menu-anchor.default\">\n\t\t\t\t<div class=\"elementor-widget-container\">\n\t\t\t\t\t\t\t<div class=\"elementor-menu-anchor\" id=\"ajudar\"><\/div>\n\t\t\t\t\t\t<\/div>\n\t\t\t\t<\/div>\n\t\t\t\t\t<\/div>\n\t\t\t\t<\/div>\n\t\t<div class=\"elementor-element elementor-element-90cb423 e-flex e-con-boxed e-con e-parent\" data-id=\"90cb423\" data-element_type=\"container\" data-e-type=\"container\">\n\t\t\t\t\t<div class=\"e-con-inner\">\n\t\t<div class=\"elementor-element elementor-element-ba6f062 e-con-full e-flex e-con e-child\" data-id=\"ba6f062\" data-element_type=\"container\" data-e-type=\"container\">\n\t\t\t\t<div class=\"elementor-element elementor-element-535c8ef elementor-widget elementor-widget-image\" data-id=\"535c8ef\" data-element_type=\"widget\" data-e-type=\"widget\" data-widget_type=\"image.default\">\n\t\t\t\t<div class=\"elementor-widget-container\">\n\t\t\t\t\t\t\t\t\t\t\t\t\t\t\t<img loading=\"lazy\" decoding=\"async\" width=\"722\" height=\"514\" src=\"https:\/\/projectehomebalears.org\/wp-content\/uploads\/2024\/05\/SOBRE.png\" class=\"attachment-large size-large wp-image-8706\" alt=\"\" srcset=\"https:\/\/projectehomebalears.org\/wp-content\/uploads\/2024\/05\/SOBRE.png 722w, https:\/\/projectehomebalears.org\/wp-content\/uploads\/2024\/05\/SOBRE-300x214.png 300w, https:\/\/projectehomebalears.org\/wp-content\/uploads\/2024\/05\/SOBRE-150x107.png 150w\" sizes=\"(max-width: 722px) 100vw, 722px\" \/>\t\t\t\t\t\t\t\t\t\t\t\t\t\t\t<\/div>\n\t\t\t\t<\/div>\n\t\t\t\t<\/div>\n\t\t<div class=\"elementor-element elementor-element-b26940b e-con-full e-flex e-con e-child\" data-id=\"b26940b\" data-element_type=\"container\" data-e-type=\"container\">\n\t\t\t\t<div class=\"elementor-element elementor-element-491b895 elementor-widget elementor-widget-text-editor\" data-id=\"491b895\" data-element_type=\"widget\" data-e-type=\"widget\" data-widget_type=\"text-editor.default\">\n\t\t\t\t<div class=\"elementor-widget-container\">\n\t\t\t\t\t\t\t\t\t<p style=\"text-align: center;\"><span style=\"text-align: var(--text-align); background-color: var( --e-global-color-65fe180 ); letter-spacing: -0.1px; color: #f9b700;\"><b>CREEM UN NOU ESDEVENIMENT SOLIDARI?<\/b><\/span><\/p><p style=\"text-align: left;\">Per descomptat! Crear un nou esdeveniment solidari al costat de la teva empresa o entitat pot ser una forma meravellosa de contribuir a la nostra causa i ajudar al fet que m\u00e9s persones puguin viure lliure d&#8217;addiccions.<\/p><p>Tens una idea? Un concert, un torneig esportiu, un festival cultural o un altre tipus d&#8217;esdeveniment? Junts i juntes podem triar un format i planificar els detalls log\u00edstics.<\/p><p>Emplena el formulari i contactarem amb tu<\/p>\t\t\t\t\t\t\t\t<\/div>\n\t\t\t\t<\/div>\n\t\t\t\t<div class=\"elementor-element elementor-element-5dfb3a5 elementor-widget elementor-widget-html\" data-id=\"5dfb3a5\" data-element_type=\"widget\" data-e-type=\"widget\" data-widget_type=\"html.default\">\n\t\t\t\t<div class=\"elementor-widget-container\">\n\t\t\t\t\t<script type=\"text\/javascript\" src=\"https:\/\/api.clientify.net\/web-marketing\/superforms\/script\/167619.js\"><\/script>\t\t\t\t<\/div>\n\t\t\t\t<\/div>\n\t\t\t\t<\/div>\n\t\t\t\t\t<\/div>\n\t\t\t\t<\/div>\n\t\t<div class=\"elementor-element elementor-element-0dbae15 e-flex e-con-boxed e-con e-parent\" data-id=\"0dbae15\" data-element_type=\"container\" data-e-type=\"container\">\n\t\t\t\t\t<div class=\"e-con-inner\">\n\t\t\t\t\t<\/div>\n\t\t\t\t<\/div>\n\t\t\t\t<\/div>\n\t\t","protected":false},"excerpt":{"rendered":"<p>Esdeveniments Solidaris Concert de la Catedral Carrera ProjecteEnMarxa Art per a la Vida Regata d&#8217;Alc\u00fadia Torneig de Golf Concert de G\u00f3spel Sopar ben\u00e8fic Aniversari PHB Creem un nou esdeveniment solidari? Contacta amb nosaltres Fes clic aqu\u00ed CONCERT DE LA CATEDRAL El concert es realitza des del 2007 i des del 2013 se celebra, com a [&hellip;]<\/p>\n","protected":false},"author":11,"featured_media":0,"parent":0,"menu_order":0,"comment_status":"closed","ping_status":"closed","template":"elementor_header_footer","meta":{"footnotes":""},"class_list":["post-12074","page","type-page","status-publish","hentry"],"aioseo_notices":[],"aioseo_head":"\n\t\t<!-- All in One SEO 5.0.0.1 - aioseo.com -->\n\t<meta name=\"description\" content=\"Esdeveniments Solidaris Concert de la Catedral Carrera ProjecteEnMarxa Art per a la Vida Regata d&#039;Alc\u00fadia Torneig de Golf Concert de G\u00f3spel Sopar ben\u00e8fic Aniversari PHB Creem un nou esdeveniment solidari? Contacta amb nosaltres Fes clic aqu\u00ed CONCERT DE LA CATEDRAL El concert es realitza des del 2007 i des del 2013 se celebra, com a\" \/>\n\t<meta name=\"robots\" content=\"max-image-preview:large\" \/>\n\t<link rel=\"canonical\" href=\"https:\/\/projectehomebalears.org\/ca\/esdeveniments-solidaris\/\" \/>\n\t<meta name=\"generator\" content=\"All in One SEO (AIOSEO) 5.0.0.1\" \/>\n\t\t<meta property=\"og:locale\" content=\"ca_ES\" \/>\n\t\t<meta property=\"og:site_name\" content=\"Projecte Home Balears - Tratamiento, prevenci\u00f3n e investigaci\u00f3n\" \/>\n\t\t<meta property=\"og:type\" content=\"article\" \/>\n\t\t<meta property=\"og:title\" content=\"Esdeveniments solidaris - Projecte Home Balears\" \/>\n\t\t<meta property=\"og:description\" content=\"Esdeveniments Solidaris Concert de la Catedral Carrera ProjecteEnMarxa Art per a la Vida Regata d&#039;Alc\u00fadia Torneig de Golf Concert de G\u00f3spel Sopar ben\u00e8fic Aniversari PHB Creem un nou esdeveniment solidari? Contacta amb nosaltres Fes clic aqu\u00ed CONCERT DE LA CATEDRAL El concert es realitza des del 2007 i des del 2013 se celebra, com a\" \/>\n\t\t<meta property=\"og:url\" content=\"https:\/\/projectehomebalears.org\/ca\/esdeveniments-solidaris\/\" \/>\n\t\t<meta property=\"og:image\" content=\"https:\/\/projectehomebalears.org\/wp-content\/uploads\/2023\/09\/logo-def-PHB_Firma-DIGITAL.png\" \/>\n\t\t<meta property=\"og:image:secure_url\" content=\"https:\/\/projectehomebalears.org\/wp-content\/uploads\/2023\/09\/logo-def-PHB_Firma-DIGITAL.png\" \/>\n\t\t<meta property=\"article:published_time\" content=\"2024-02-05T08:47:37+00:00\" \/>\n\t\t<meta property=\"article:modified_time\" content=\"2024-08-27T13:07:24+00:00\" \/>\n\t\t<meta name=\"twitter:card\" content=\"summary_large_image\" \/>\n\t\t<meta name=\"twitter:title\" content=\"Esdeveniments solidaris - Projecte Home Balears\" \/>\n\t\t<meta name=\"twitter:description\" content=\"Esdeveniments Solidaris Concert de la Catedral Carrera ProjecteEnMarxa Art per a la Vida Regata d&#039;Alc\u00fadia Torneig de Golf Concert de G\u00f3spel Sopar ben\u00e8fic Aniversari PHB Creem un nou esdeveniment solidari? Contacta amb nosaltres Fes clic aqu\u00ed CONCERT DE LA CATEDRAL El concert es realitza des del 2007 i des del 2013 se celebra, com a\" \/>\n\t\t<meta name=\"twitter:image\" content=\"https:\/\/projectehomebalears.org\/wp-content\/uploads\/2023\/09\/logo-def-PHB_Firma-DIGITAL.png\" \/>\n\t\t<script type=\"application\/ld+json\" class=\"aioseo-schema\">\n\t\t\t{\"@context\":\"https:\\\/\\\/schema.org\",\"@graph\":[{\"@type\":\"BreadcrumbList\",\"@id\":\"https:\\\/\\\/projectehomebalears.org\\\/ca\\\/esdeveniments-solidaris\\\/#breadcrumblist\",\"itemListElement\":[{\"@type\":\"ListItem\",\"@id\":\"https:\\\/\\\/projectehomebalears.org\\\/ca\\\/#listItem\",\"position\":1,\"name\":\"Inicio\",\"item\":\"https:\\\/\\\/projectehomebalears.org\\\/ca\\\/\",\"nextItem\":{\"@type\":\"ListItem\",\"@id\":\"https:\\\/\\\/projectehomebalears.org\\\/ca\\\/esdeveniments-solidaris\\\/#listItem\",\"name\":\"Esdeveniments solidaris\"}},{\"@type\":\"ListItem\",\"@id\":\"https:\\\/\\\/projectehomebalears.org\\\/ca\\\/esdeveniments-solidaris\\\/#listItem\",\"position\":2,\"name\":\"Esdeveniments solidaris\",\"previousItem\":{\"@type\":\"ListItem\",\"@id\":\"https:\\\/\\\/projectehomebalears.org\\\/ca\\\/#listItem\",\"name\":\"Inicio\"}}]},{\"@type\":\"Organization\",\"@id\":\"https:\\\/\\\/projectehomebalears.org\\\/ca\\\/#organization\",\"name\":\"Projecte Home Balears\",\"description\":\"Tratamiento, prevenci\\u00f3n e investigaci\\u00f3n\",\"url\":\"https:\\\/\\\/projectehomebalears.org\\\/ca\\\/\",\"logo\":{\"@type\":\"ImageObject\",\"url\":\"https:\\\/\\\/projectehomebalears.org\\\/wp-content\\\/uploads\\\/2023\\\/09\\\/logo-def-PHB_Firma-DIGITAL.png\",\"@id\":\"https:\\\/\\\/projectehomebalears.org\\\/ca\\\/esdeveniments-solidaris\\\/#organizationLogo\",\"width\":190,\"height\":131},\"image\":{\"@id\":\"https:\\\/\\\/projectehomebalears.org\\\/ca\\\/esdeveniments-solidaris\\\/#organizationLogo\"}},{\"@type\":\"WebPage\",\"@id\":\"https:\\\/\\\/projectehomebalears.org\\\/ca\\\/esdeveniments-solidaris\\\/#webpage\",\"url\":\"https:\\\/\\\/projectehomebalears.org\\\/ca\\\/esdeveniments-solidaris\\\/\",\"name\":\"Esdeveniments solidaris - Projecte Home Balears\",\"description\":\"Esdeveniments Solidaris Concert de la Catedral Carrera ProjecteEnMarxa Art per a la Vida Regata d'Alc\\u00fadia Torneig de Golf Concert de G\\u00f3spel Sopar ben\\u00e8fic Aniversari PHB Creem un nou esdeveniment solidari? Contacta amb nosaltres Fes clic aqu\\u00ed CONCERT DE LA CATEDRAL El concert es realitza des del 2007 i des del 2013 se celebra, com a\",\"inLanguage\":\"ca\",\"isPartOf\":{\"@id\":\"https:\\\/\\\/projectehomebalears.org\\\/ca\\\/#website\"},\"breadcrumb\":{\"@id\":\"https:\\\/\\\/projectehomebalears.org\\\/ca\\\/esdeveniments-solidaris\\\/#breadcrumblist\"},\"datePublished\":\"2024-02-05T10:47:37+02:00\",\"dateModified\":\"2024-08-27T15:07:24+02:00\"},{\"@type\":\"WebSite\",\"@id\":\"https:\\\/\\\/projectehomebalears.org\\\/ca\\\/#website\",\"url\":\"https:\\\/\\\/projectehomebalears.org\\\/ca\\\/\",\"name\":\"Projecte Home Balears\",\"description\":\"Tratamiento, prevenci\\u00f3n e investigaci\\u00f3n\",\"inLanguage\":\"ca\",\"publisher\":{\"@id\":\"https:\\\/\\\/projectehomebalears.org\\\/ca\\\/#organization\"}}]}\n\t\t<\/script>\n\t\t<!-- All in One SEO -->\n\n","aioseo_head_json":{"title":"Esdeveniments solidaris - Projecte Home Balears","description":"Esdeveniments Solidaris Concert de la Catedral Carrera ProjecteEnMarxa Art per a la Vida Regata d'Alc\u00fadia Torneig de Golf Concert de G\u00f3spel Sopar ben\u00e8fic Aniversari PHB Creem un nou esdeveniment solidari? Contacta amb nosaltres Fes clic aqu\u00ed CONCERT DE LA CATEDRAL El concert es realitza des del 2007 i des del 2013 se celebra, com a","canonical_url":"https:\/\/projectehomebalears.org\/ca\/esdeveniments-solidaris\/","robots":"max-image-preview:large","keywords":"","webmasterTools":{"miscellaneous":""},"schema":{"@context":"https:\/\/schema.org","@graph":[{"@type":"BreadcrumbList","@id":"https:\/\/projectehomebalears.org\/ca\/esdeveniments-solidaris\/#breadcrumblist","itemListElement":[{"@type":"ListItem","@id":"https:\/\/projectehomebalears.org\/ca\/#listItem","position":1,"name":"Inicio","item":"https:\/\/projectehomebalears.org\/ca\/","nextItem":{"@type":"ListItem","@id":"https:\/\/projectehomebalears.org\/ca\/esdeveniments-solidaris\/#listItem","name":"Esdeveniments solidaris"}},{"@type":"ListItem","@id":"https:\/\/projectehomebalears.org\/ca\/esdeveniments-solidaris\/#listItem","position":2,"name":"Esdeveniments solidaris","previousItem":{"@type":"ListItem","@id":"https:\/\/projectehomebalears.org\/ca\/#listItem","name":"Inicio"}}]},{"@type":"Organization","@id":"https:\/\/projectehomebalears.org\/ca\/#organization","name":"Projecte Home Balears","description":"Tratamiento, prevenci\u00f3n e investigaci\u00f3n","url":"https:\/\/projectehomebalears.org\/ca\/","logo":{"@type":"ImageObject","url":"https:\/\/projectehomebalears.org\/wp-content\/uploads\/2023\/09\/logo-def-PHB_Firma-DIGITAL.png","@id":"https:\/\/projectehomebalears.org\/ca\/esdeveniments-solidaris\/#organizationLogo","width":190,"height":131},"image":{"@id":"https:\/\/projectehomebalears.org\/ca\/esdeveniments-solidaris\/#organizationLogo"}},{"@type":"WebPage","@id":"https:\/\/projectehomebalears.org\/ca\/esdeveniments-solidaris\/#webpage","url":"https:\/\/projectehomebalears.org\/ca\/esdeveniments-solidaris\/","name":"Esdeveniments solidaris - Projecte Home Balears","description":"Esdeveniments Solidaris Concert de la Catedral Carrera ProjecteEnMarxa Art per a la Vida Regata d'Alc\u00fadia Torneig de Golf Concert de G\u00f3spel Sopar ben\u00e8fic Aniversari PHB Creem un nou esdeveniment solidari? Contacta amb nosaltres Fes clic aqu\u00ed CONCERT DE LA CATEDRAL El concert es realitza des del 2007 i des del 2013 se celebra, com a","inLanguage":"ca","isPartOf":{"@id":"https:\/\/projectehomebalears.org\/ca\/#website"},"breadcrumb":{"@id":"https:\/\/projectehomebalears.org\/ca\/esdeveniments-solidaris\/#breadcrumblist"},"datePublished":"2024-02-05T10:47:37+02:00","dateModified":"2024-08-27T15:07:24+02:00"},{"@type":"WebSite","@id":"https:\/\/projectehomebalears.org\/ca\/#website","url":"https:\/\/projectehomebalears.org\/ca\/","name":"Projecte Home Balears","description":"Tratamiento, prevenci\u00f3n e investigaci\u00f3n","inLanguage":"ca","publisher":{"@id":"https:\/\/projectehomebalears.org\/ca\/#organization"}}]},"og:locale":"ca_ES","og:site_name":"Projecte Home Balears - Tratamiento, prevenci\u00f3n e investigaci\u00f3n","og:type":"article","og:title":"Esdeveniments solidaris - Projecte Home Balears","og:description":"Esdeveniments Solidaris Concert de la Catedral Carrera ProjecteEnMarxa Art per a la Vida Regata d'Alc\u00fadia Torneig de Golf Concert de G\u00f3spel Sopar ben\u00e8fic Aniversari PHB Creem un nou esdeveniment solidari? Contacta amb nosaltres Fes clic aqu\u00ed CONCERT DE LA CATEDRAL El concert es realitza des del 2007 i des del 2013 se celebra, com a","og:url":"https:\/\/projectehomebalears.org\/ca\/esdeveniments-solidaris\/","og:image":"https:\/\/projectehomebalears.org\/wp-content\/uploads\/2023\/09\/logo-def-PHB_Firma-DIGITAL.png","og:image:secure_url":"https:\/\/projectehomebalears.org\/wp-content\/uploads\/2023\/09\/logo-def-PHB_Firma-DIGITAL.png","article:published_time":"2024-02-05T08:47:37+00:00","article:modified_time":"2024-08-27T13:07:24+00:00","twitter:card":"summary_large_image","twitter:title":"Esdeveniments solidaris - Projecte Home Balears","twitter:description":"Esdeveniments Solidaris Concert de la Catedral Carrera ProjecteEnMarxa Art per a la Vida Regata d'Alc\u00fadia Torneig de Golf Concert de G\u00f3spel Sopar ben\u00e8fic Aniversari PHB Creem un nou esdeveniment solidari? Contacta amb nosaltres Fes clic aqu\u00ed CONCERT DE LA CATEDRAL El concert es realitza des del 2007 i des del 2013 se celebra, com a","twitter:image":"https:\/\/projectehomebalears.org\/wp-content\/uploads\/2023\/09\/logo-def-PHB_Firma-DIGITAL.png"},"aioseo_meta_data":{"post_id":"12074","title":null,"description":null,"keywords":[],"keyphrases":{"focus":[],"additional":[]},"primary_term":null,"canonical_url":null,"og_title":null,"og_description":null,"og_object_type":"default","og_image_type":"default","og_image_url":null,"og_image_width":null,"og_image_height":null,"og_image_custom_url":null,"og_image_custom_fields":null,"og_video":"","og_custom_url":null,"og_article_section":null,"og_article_tags":[],"twitter_use_og":false,"twitter_card":"default","twitter_image_type":"default","twitter_image_url":null,"twitter_image_custom_url":null,"twitter_image_custom_fields":null,"twitter_title":null,"twitter_description":null,"schema":{"blockGraphs":[],"customGraphs":[],"default":{"data":{"Article":[],"Course":[],"Dataset":[],"FAQPage":[],"Movie":[],"Person":[],"Product":[],"ProductReview":[],"Car":[],"Recipe":[],"Service":[],"SoftwareApplication":[],"WebPage":[]},"graphName":"WebPage","isEnabled":true},"graphs":[]},"schema_type":"default","schema_type_options":null,"pillar_content":false,"robots_default":true,"robots_noindex":false,"robots_noarchive":false,"robots_nosnippet":false,"robots_nofollow":false,"robots_noimageindex":false,"robots_noodp":false,"robots_notranslate":false,"robots_max_snippet":"-1","robots_max_videopreview":"-1","robots_max_imagepreview":"large","priority":null,"frequency":"default","local_seo":null,"breadcrumb_settings":null,"limit_modified_date":false,"ai":null,"created":"2024-08-02 09:40:39","updated":"2026-09-01 13:47:47","focus_keyword":null,"additional_keywords":null,"truseo_locale":null,"seo_analyzer_scan_date":null},"aioseo_breadcrumb":"<div class=\"aioseo-breadcrumbs\"><span class=\"aioseo-breadcrumb\">\n\t\t\t<a href=\"https:\/\/projectehomebalears.org\/ca\/\" title=\"Inicio\">Inicio<\/a>\n\t\t<\/span><span class=\"aioseo-breadcrumb-separator\">&raquo;<\/span><span class=\"aioseo-breadcrumb\">\n\t\t\tEsdeveniments solidaris\n\t\t<\/span><\/div>","aioseo_breadcrumb_json":[{"label":"Inicio","link":"https:\/\/projectehomebalears.org\/ca\/"},{"label":"Esdeveniments solidaris","link":"https:\/\/projectehomebalears.org\/ca\/esdeveniments-solidaris\/"}],"_links":{"self":[{"href":"https:\/\/projectehomebalears.org\/ca\/wp-json\/wp\/v2\/pages\/12074","targetHints":{"allow":["GET"]}}],"collection":[{"href":"https:\/\/projectehomebalears.org\/ca\/wp-json\/wp\/v2\/pages"}],"about":[{"href":"https:\/\/projectehomebalears.org\/ca\/wp-json\/wp\/v2\/types\/page"}],"author":[{"embeddable":true,"href":"https:\/\/projectehomebalears.org\/ca\/wp-json\/wp\/v2\/users\/11"}],"replies":[{"embeddable":true,"href":"https:\/\/projectehomebalears.org\/ca\/wp-json\/wp\/v2\/comments?post=12074"}],"version-history":[{"count":0,"href":"https:\/\/projectehomebalears.org\/ca\/wp-json\/wp\/v2\/pages\/12074\/revisions"}],"wp:attachment":[{"href":"https:\/\/projectehomebalears.org\/ca\/wp-json\/wp\/v2\/media?parent=12074"}],"curies":[{"name":"wp","href":"https:\/\/api.w.org\/{rel}","templated":true}]}}