{"id":11967,"date":"2023-08-29T15:39:50","date_gmt":"2023-08-29T13:39:50","guid":{"rendered":"https:\/\/projectehomebalears.org\/prevencio-ambit-laboral\/"},"modified":"2024-07-31T10:47:52","modified_gmt":"2024-07-31T08:47:52","slug":"prevencio-ambit-laboral","status":"publish","type":"page","link":"https:\/\/projectehomebalears.org\/ca\/prevencio-ambit-laboral\/","title":{"rendered":"Prevenci\u00f3 \u00e0mbit laboral"},"content":{"rendered":"\t\t<div data-elementor-type=\"wp-page\" data-elementor-id=\"11967\" class=\"elementor elementor-11967 elementor-1639\" data-elementor-post-type=\"page\">\n\t\t\t\t\t\t<section class=\"elementor-section elementor-top-section elementor-element elementor-element-e90de99 elementor-section-boxed elementor-section-height-default elementor-section-height-default\" data-id=\"e90de99\" data-element_type=\"section\" data-e-type=\"section\">\n\t\t\t\t\t\t<div class=\"elementor-container elementor-column-gap-default\">\n\t\t\t\t\t<div class=\"elementor-column elementor-col-100 elementor-top-column elementor-element elementor-element-a01c8cb\" data-id=\"a01c8cb\" data-element_type=\"column\" data-e-type=\"column\">\n\t\t\t<div class=\"elementor-widget-wrap elementor-element-populated\">\n\t\t\t\t\t\t<div class=\"elementor-element elementor-element-a5fd99a elementor-widget elementor-widget-heading\" data-id=\"a5fd99a\" data-element_type=\"widget\" data-e-type=\"widget\" data-widget_type=\"heading.default\">\n\t\t\t\t<div class=\"elementor-widget-container\">\n\t\t\t\t\t<h2 class=\"elementor-heading-title elementor-size-default\">PREVENCI\u00d3 A L'\u00c0MBIT LABORAL<\/h2>\t\t\t\t<\/div>\n\t\t\t\t<\/div>\n\t\t\t\t<div class=\"elementor-element elementor-element-943f7c8 elementor-widget elementor-widget-text-editor\" data-id=\"943f7c8\" data-element_type=\"widget\" data-e-type=\"widget\" data-widget_type=\"text-editor.default\">\n\t\t\t\t<div class=\"elementor-widget-container\">\n\t\t\t\t\t\t\t\t\t<p>Projecte Home Balears imparteix actuacions <strong>formatives<\/strong> a l&#8217;\u00e0mbit laboral, com a primer element de sensibilitzaci\u00f3. Tamb\u00e9 assessora la teva empresa o entitat en l&#8217;elaboraci\u00f3 i la implementaci\u00f3 de<strong> plans de prevenci\u00f3 de consum de subst\u00e0ncies o addiccions comportamentals<\/strong>. Per aix\u00f2, \u00e9s necess\u00e0ria la implicaci\u00f3 de representants de l&#8217;empresa i de les persones treballadores en l&#8217;elaboraci\u00f3 i la implantaci\u00f3 d&#8217;aquests plans.   <\/p><\/p>\n\t\t\t\t\t\t\t\t<\/div>\n\t\t\t\t<\/div>\n\t\t\t\t\t<\/div>\n\t\t<\/div>\n\t\t\t\t\t<\/div>\n\t\t<\/section>\n\t\t\t\t<section class=\"elementor-section elementor-top-section elementor-element elementor-element-464f184 elementor-section-boxed elementor-section-height-default elementor-section-height-default\" data-id=\"464f184\" data-element_type=\"section\" data-e-type=\"section\">\n\t\t\t\t\t\t<div class=\"elementor-container elementor-column-gap-default\">\n\t\t\t\t\t<div class=\"elementor-column elementor-col-50 elementor-top-column elementor-element elementor-element-49abdb3\" data-id=\"49abdb3\" data-element_type=\"column\" data-e-type=\"column\">\n\t\t\t<div class=\"elementor-widget-wrap elementor-element-populated\">\n\t\t\t\t\t\t<div class=\"elementor-element elementor-element-10f1e1c elementor-widget elementor-widget-heading\" data-id=\"10f1e1c\" data-element_type=\"widget\" data-e-type=\"widget\" data-widget_type=\"heading.default\">\n\t\t\t\t<div class=\"elementor-widget-container\">\n\t\t\t\t\t<h2 class=\"elementor-heading-title elementor-size-default\">Per qu\u00e8 cal abordar el problema de consum d'alcohol o altres subst\u00e0ncies psicoactives a l'\u00e0mbit laboral?<\/h2>\t\t\t\t<\/div>\n\t\t\t\t<\/div>\n\t\t\t\t<div class=\"elementor-element elementor-element-4d1897d elementor-widget elementor-widget-text-editor\" data-id=\"4d1897d\" data-element_type=\"widget\" data-e-type=\"widget\" data-widget_type=\"text-editor.default\">\n\t\t\t\t<div class=\"elementor-widget-container\">\n\t\t\t\t\t\t\t\t\t<p>El consum de subst\u00e0ncies a nivell laboral pot tenir conseq\u00fc\u00e8ncies greus (clima laboral, productivitat, absentisme, sinistralitat, etc.) i s&#8217;ha d&#8217;emmarcar des d&#8217;una perspectiva integral a les empreses.<\/p>\n<p>Per aix\u00f2 resulta imprescindible que el personal directiu, els comandaments intermedis amb equips al seu c\u00e0rrec i les persones amb responsabilitat a la PRL coneguin com abordar i canalitzar les solucions d&#8217;una manera humanitzada i efica\u00e7.<\/p>\n\t\t\t\t\t\t\t\t<\/div>\n\t\t\t\t<\/div>\n\t\t\t\t\t<\/div>\n\t\t<\/div>\n\t\t\t\t<div class=\"elementor-column elementor-col-50 elementor-top-column elementor-element elementor-element-9aaa405\" data-id=\"9aaa405\" data-element_type=\"column\" data-e-type=\"column\">\n\t\t\t<div class=\"elementor-widget-wrap elementor-element-populated\">\n\t\t\t\t\t\t<div class=\"elementor-element elementor-element-8d72361 elementor-widget elementor-widget-heading\" data-id=\"8d72361\" data-element_type=\"widget\" data-e-type=\"widget\" data-widget_type=\"heading.default\">\n\t\t\t\t<div class=\"elementor-widget-container\">\n\t\t\t\t\t<h2 class=\"elementor-heading-title elementor-size-default\">Quins objectius persegueix la prevenci\u00f3 del consum d'alcohol i drogues a l'\u00e0mbit laboral?<\/h2>\t\t\t\t<\/div>\n\t\t\t\t<\/div>\n\t\t\t\t<div class=\"elementor-element elementor-element-7fc7d3d elementor-widget elementor-widget-text-editor\" data-id=\"7fc7d3d\" data-element_type=\"widget\" data-e-type=\"widget\" data-widget_type=\"text-editor.default\">\n\t\t\t\t<div class=\"elementor-widget-container\">\n\t\t\t\t\t\t\t\t\t<p>L&#8217;objectiu de Projecte Home Balears en aquest \u00e0mbit \u00e9s <strong>millorar la capacitat de resposta de les empreses <\/strong>en la prevenci\u00f3 i l&#8217;abordatge de situacions associades al consum d&#8217;alcohol i altres addiccions a la feina. <\/p>\n<p class=\"has-text-color\"><strong>Qualsevol consum, encara que sigui puntual, d&#8217;alcohol o altres subst\u00e0ncies a la feina suposa un risc, no nom\u00e9s per a la persona consumidora, sin\u00f3 tamb\u00e9 per les persones que l&#8217;envolten<\/strong><\/p>\n<p class=\"has-text-color\"><strong>Una intervenci\u00f3 a temps pot<\/strong> evitar un mal clima laboral, frustraci\u00f3 de la traject\u00f2ria professional, absentisme, feines de pitjor qualitat, etc. L&#8217;Organitzaci\u00f3 Internacional del Treball (OIT) assenyala que al voltant d&#8217;una de cada quatre de les v\u00edctimes d&#8217;accidents laborals es relacionen amb l&#8217;\u00fas indegut de l&#8217;alcohol i altres subst\u00e0ncies. Les persones amb problemes de consum presenten un absentisme laboral de 2 a 3 vegades superior i perden uns 45 dies de treball a l&#8217;any.  <\/p>\n\t\t\t\t\t\t\t\t<\/div>\n\t\t\t\t<\/div>\n\t\t\t\t\t<\/div>\n\t\t<\/div>\n\t\t\t\t\t<\/div>\n\t\t<\/section>\n\t\t\t\t<section class=\"elementor-section elementor-top-section elementor-element elementor-element-20733e6 elementor-section-boxed elementor-section-height-default elementor-section-height-default\" data-id=\"20733e6\" data-element_type=\"section\" data-e-type=\"section\">\n\t\t\t\t\t\t<div class=\"elementor-container elementor-column-gap-default\">\n\t\t\t\t\t<div class=\"elementor-column elementor-col-33 elementor-top-column elementor-element elementor-element-8e7a4c7\" data-id=\"8e7a4c7\" data-element_type=\"column\" data-e-type=\"column\">\n\t\t\t<div class=\"elementor-widget-wrap elementor-element-populated\">\n\t\t\t\t\t\t<div class=\"elementor-element elementor-element-d448b9e elementor-view-default elementor-widget elementor-widget-icon\" data-id=\"d448b9e\" data-element_type=\"widget\" data-e-type=\"widget\" data-widget_type=\"icon.default\">\n\t\t\t\t<div class=\"elementor-widget-container\">\n\t\t\t\t\t\t\t<div class=\"elementor-icon-wrapper\">\n\t\t\t<a class=\"elementor-icon\" href=\"https:\/\/projectehomebalears.org\/wp-content\/uploads\/2024\/05\/AF-TRIPTICO-EMPRESAS-beeprint.pdf\" target=\"_blank\">\n\t\t\t<i aria-hidden=\"true\" class=\"far fa-folder\"><\/i>\t\t\t<\/a>\n\t\t<\/div>\n\t\t\t\t\t\t<\/div>\n\t\t\t\t<\/div>\n\t\t\t\t<div class=\"elementor-element elementor-element-c5ac328 elementor-widget elementor-widget-text-editor\" data-id=\"c5ac328\" data-element_type=\"widget\" data-e-type=\"widget\" data-widget_type=\"text-editor.default\">\n\t\t\t\t<div class=\"elementor-widget-container\">\n\t\t\t\t\t\t\t\t\t<p style=\"text-align: center;\">Materials de consulta<\/p>\n\t\t\t\t\t\t\t\t<\/div>\n\t\t\t\t<\/div>\n\t\t\t\t\t<\/div>\n\t\t<\/div>\n\t\t\t\t<div class=\"elementor-column elementor-col-33 elementor-top-column elementor-element elementor-element-3e3aa03\" data-id=\"3e3aa03\" data-element_type=\"column\" data-e-type=\"column\">\n\t\t\t<div class=\"elementor-widget-wrap elementor-element-populated\">\n\t\t\t\t\t\t<div class=\"elementor-element elementor-element-eb5af68 elementor-view-default elementor-widget elementor-widget-icon\" data-id=\"eb5af68\" data-element_type=\"widget\" data-e-type=\"widget\" data-widget_type=\"icon.default\">\n\t\t\t\t<div class=\"elementor-widget-container\">\n\t\t\t\t\t\t\t<div class=\"elementor-icon-wrapper\">\n\t\t\t<a class=\"elementor-icon\" href=\"https:\/\/proyectohombre.es\/cuidatuequipocuidatuempresa\/\" target=\"_blank\">\n\t\t\t<i aria-hidden=\"true\" class=\"fas fa-play-circle\"><\/i>\t\t\t<\/a>\n\t\t<\/div>\n\t\t\t\t\t\t<\/div>\n\t\t\t\t<\/div>\n\t\t\t\t<div class=\"elementor-element elementor-element-743c98d elementor-widget elementor-widget-text-editor\" data-id=\"743c98d\" data-element_type=\"widget\" data-e-type=\"widget\" data-widget_type=\"text-editor.default\">\n\t\t\t\t<div class=\"elementor-widget-container\">\n\t\t\t\t\t\t\t\t\t<p style=\"text-align: center;\">Campanyes de sensibilitzaci\u00f3<\/p>\n\t\t\t\t\t\t\t\t<\/div>\n\t\t\t\t<\/div>\n\t\t\t\t\t<\/div>\n\t\t<\/div>\n\t\t\t\t<div class=\"elementor-column elementor-col-33 elementor-top-column elementor-element elementor-element-9dfc119\" data-id=\"9dfc119\" data-element_type=\"column\" data-e-type=\"column\">\n\t\t\t<div class=\"elementor-widget-wrap elementor-element-populated\">\n\t\t\t\t\t\t<div class=\"elementor-element elementor-element-7d206cf elementor-view-default elementor-widget elementor-widget-icon\" data-id=\"7d206cf\" data-element_type=\"widget\" data-e-type=\"widget\" data-widget_type=\"icon.default\">\n\t\t\t\t<div class=\"elementor-widget-container\">\n\t\t\t\t\t\t\t<div class=\"elementor-icon-wrapper\">\n\t\t\t<a class=\"elementor-icon\" href=\"https:\/\/proyectohombre.es\/blog-laboral\/\" target=\"_blank\">\n\t\t\t<i aria-hidden=\"true\" class=\"far fa-building\"><\/i>\t\t\t<\/a>\n\t\t<\/div>\n\t\t\t\t\t\t<\/div>\n\t\t\t\t<\/div>\n\t\t\t\t<div class=\"elementor-element elementor-element-5ebd0c9 elementor-widget elementor-widget-text-editor\" data-id=\"5ebd0c9\" data-element_type=\"widget\" data-e-type=\"widget\" data-widget_type=\"text-editor.default\">\n\t\t\t\t<div class=\"elementor-widget-container\">\n\t\t\t\t\t\t\t\t\t<p style=\"text-align: center;\">Visita el Blog de Prevenci\u00f3 laboral<\/p>\n\t\t\t\t\t\t\t\t<\/div>\n\t\t\t\t<\/div>\n\t\t\t\t\t<\/div>\n\t\t<\/div>\n\t\t\t\t\t<\/div>\n\t\t<\/section>\n\t\t<div class=\"elementor-element elementor-element-e987d9e e-flex e-con-boxed e-con e-parent\" data-id=\"e987d9e\" data-element_type=\"container\" data-e-type=\"container\">\n\t\t\t\t\t<div class=\"e-con-inner\">\n\t\t\t\t<div class=\"elementor-element elementor-element-01b36cc elementor-widget elementor-widget-html\" data-id=\"01b36cc\" data-element_type=\"widget\" data-e-type=\"widget\" data-widget_type=\"html.default\">\n\t\t\t\t<div class=\"elementor-widget-container\">\n\t\t\t\t\t<script type=\"text\/javascript\" src=\"https:\/\/api.clientify.net\/web-marketing\/superforms\/script\/167496.js\"><\/script>\t\t\t\t<\/div>\n\t\t\t\t<\/div>\n\t\t\t\t\t<\/div>\n\t\t\t\t<\/div>\n\t\t<div class=\"elementor-element elementor-element-0de154d e-flex e-con-boxed e-con e-parent\" data-id=\"0de154d\" data-element_type=\"container\" data-e-type=\"container\">\n\t\t\t\t\t<div class=\"e-con-inner\">\n\t\t\t\t<div class=\"elementor-element elementor-element-a3a71be elementor-widget elementor-widget-video\" data-id=\"a3a71be\" data-element_type=\"widget\" data-e-type=\"widget\" data-settings=\"{&quot;youtube_url&quot;:&quot;https:\\\/\\\/www.youtube.com\\\/watch?v=4IXN1DP-_lI&quot;,&quot;video_type&quot;:&quot;youtube&quot;,&quot;controls&quot;:&quot;yes&quot;}\" data-widget_type=\"video.default\">\n\t\t\t\t<div class=\"elementor-widget-container\">\n\t\t\t\t\t\t\t<div class=\"elementor-wrapper elementor-open-inline\">\n\t\t\t<div class=\"elementor-video\"><\/div>\t\t<\/div>\n\t\t\t\t\t\t<\/div>\n\t\t\t\t<\/div>\n\t\t\t\t\t<\/div>\n\t\t\t\t<\/div>\n\t\t\t\t<\/div>\n\t\t","protected":false},"excerpt":{"rendered":"<p>PREVENCI\u00d3 A L&#8217;\u00c0MBIT LABORAL Projecte Home Balears imparteix actuacions formatives a l&#8217;\u00e0mbit laboral, com a primer element de sensibilitzaci\u00f3. Tamb\u00e9 assessora la teva empresa o entitat en l&#8217;elaboraci\u00f3 i la implementaci\u00f3 de plans de prevenci\u00f3 de consum de subst\u00e0ncies o addiccions comportamentals. Per aix\u00f2, \u00e9s necess\u00e0ria la implicaci\u00f3 de representants de l&#8217;empresa i de les [&hellip;]<\/p>\n","protected":false},"author":8,"featured_media":0,"parent":0,"menu_order":0,"comment_status":"closed","ping_status":"closed","template":"","meta":{"footnotes":""},"class_list":["post-11967","page","type-page","status-publish","hentry"],"aioseo_notices":[],"aioseo_head":"\n\t\t<!-- All in One SEO 5.0.0.1 - aioseo.com -->\n\t<meta name=\"description\" content=\"PREVENCI\u00d3 A L&#039;\u00c0MBIT LABORAL Projecte Home Balears imparteix actuacions formatives a l\u2019\u00e0mbit laboral, com a primer element de sensibilitzaci\u00f3. Tamb\u00e9 assessora la teva empresa o entitat en l\u2019elaboraci\u00f3 i la implementaci\u00f3 de plans de prevenci\u00f3 de consum de subst\u00e0ncies o addiccions comportamentals. Per aix\u00f2, \u00e9s necess\u00e0ria la implicaci\u00f3 de representants de l\u2019empresa i de les\" \/>\n\t<meta name=\"robots\" content=\"max-image-preview:large\" \/>\n\t<link rel=\"canonical\" href=\"https:\/\/projectehomebalears.org\/ca\/prevencio-ambit-laboral\/\" \/>\n\t<meta name=\"generator\" content=\"All in One SEO (AIOSEO) 5.0.0.1\" \/>\n\t\t<meta property=\"og:locale\" content=\"ca_ES\" \/>\n\t\t<meta property=\"og:site_name\" content=\"Projecte Home Balears - Tratamiento, prevenci\u00f3n e investigaci\u00f3n\" \/>\n\t\t<meta property=\"og:type\" content=\"article\" \/>\n\t\t<meta property=\"og:title\" content=\"Prevenci\u00f3 \u00e0mbit laboral - Projecte Home Balears\" \/>\n\t\t<meta property=\"og:description\" content=\"PREVENCI\u00d3 A L&#039;\u00c0MBIT LABORAL Projecte Home Balears imparteix actuacions formatives a l\u2019\u00e0mbit laboral, com a primer element de sensibilitzaci\u00f3. Tamb\u00e9 assessora la teva empresa o entitat en l\u2019elaboraci\u00f3 i la implementaci\u00f3 de plans de prevenci\u00f3 de consum de subst\u00e0ncies o addiccions comportamentals. Per aix\u00f2, \u00e9s necess\u00e0ria la implicaci\u00f3 de representants de l\u2019empresa i de les\" \/>\n\t\t<meta property=\"og:url\" content=\"https:\/\/projectehomebalears.org\/ca\/prevencio-ambit-laboral\/\" \/>\n\t\t<meta property=\"og:image\" content=\"https:\/\/projectehomebalears.org\/wp-content\/uploads\/2023\/09\/logo-def-PHB_Firma-DIGITAL.png\" \/>\n\t\t<meta property=\"og:image:secure_url\" content=\"https:\/\/projectehomebalears.org\/wp-content\/uploads\/2023\/09\/logo-def-PHB_Firma-DIGITAL.png\" \/>\n\t\t<meta property=\"article:published_time\" content=\"2023-08-29T13:39:50+00:00\" \/>\n\t\t<meta property=\"article:modified_time\" content=\"2024-07-31T08:47:52+00:00\" \/>\n\t\t<meta name=\"twitter:card\" content=\"summary_large_image\" \/>\n\t\t<meta name=\"twitter:title\" content=\"Prevenci\u00f3 \u00e0mbit laboral - Projecte Home Balears\" \/>\n\t\t<meta name=\"twitter:description\" content=\"PREVENCI\u00d3 A L&#039;\u00c0MBIT LABORAL Projecte Home Balears imparteix actuacions formatives a l\u2019\u00e0mbit laboral, com a primer element de sensibilitzaci\u00f3. Tamb\u00e9 assessora la teva empresa o entitat en l\u2019elaboraci\u00f3 i la implementaci\u00f3 de plans de prevenci\u00f3 de consum de subst\u00e0ncies o addiccions comportamentals. Per aix\u00f2, \u00e9s necess\u00e0ria la implicaci\u00f3 de representants de l\u2019empresa i de les\" \/>\n\t\t<meta name=\"twitter:image\" content=\"https:\/\/projectehomebalears.org\/wp-content\/uploads\/2023\/09\/logo-def-PHB_Firma-DIGITAL.png\" \/>\n\t\t<script type=\"application\/ld+json\" class=\"aioseo-schema\">\n\t\t\t{\"@context\":\"https:\\\/\\\/schema.org\",\"@graph\":[{\"@type\":\"BreadcrumbList\",\"@id\":\"https:\\\/\\\/projectehomebalears.org\\\/ca\\\/prevencio-ambit-laboral\\\/#breadcrumblist\",\"itemListElement\":[{\"@type\":\"ListItem\",\"@id\":\"https:\\\/\\\/projectehomebalears.org\\\/ca\\\/#listItem\",\"position\":1,\"name\":\"Inicio\",\"item\":\"https:\\\/\\\/projectehomebalears.org\\\/ca\\\/\",\"nextItem\":{\"@type\":\"ListItem\",\"@id\":\"https:\\\/\\\/projectehomebalears.org\\\/ca\\\/prevencio-ambit-laboral\\\/#listItem\",\"name\":\"Prevenci\\u00f3 \\u00e0mbit laboral\"}},{\"@type\":\"ListItem\",\"@id\":\"https:\\\/\\\/projectehomebalears.org\\\/ca\\\/prevencio-ambit-laboral\\\/#listItem\",\"position\":2,\"name\":\"Prevenci\\u00f3 \\u00e0mbit laboral\",\"previousItem\":{\"@type\":\"ListItem\",\"@id\":\"https:\\\/\\\/projectehomebalears.org\\\/ca\\\/#listItem\",\"name\":\"Inicio\"}}]},{\"@type\":\"Organization\",\"@id\":\"https:\\\/\\\/projectehomebalears.org\\\/ca\\\/#organization\",\"name\":\"Projecte Home Balears\",\"description\":\"Tratamiento, prevenci\\u00f3n e investigaci\\u00f3n\",\"url\":\"https:\\\/\\\/projectehomebalears.org\\\/ca\\\/\",\"logo\":{\"@type\":\"ImageObject\",\"url\":\"https:\\\/\\\/projectehomebalears.org\\\/wp-content\\\/uploads\\\/2023\\\/09\\\/logo-def-PHB_Firma-DIGITAL.png\",\"@id\":\"https:\\\/\\\/projectehomebalears.org\\\/ca\\\/prevencio-ambit-laboral\\\/#organizationLogo\",\"width\":190,\"height\":131},\"image\":{\"@id\":\"https:\\\/\\\/projectehomebalears.org\\\/ca\\\/prevencio-ambit-laboral\\\/#organizationLogo\"}},{\"@type\":\"WebPage\",\"@id\":\"https:\\\/\\\/projectehomebalears.org\\\/ca\\\/prevencio-ambit-laboral\\\/#webpage\",\"url\":\"https:\\\/\\\/projectehomebalears.org\\\/ca\\\/prevencio-ambit-laboral\\\/\",\"name\":\"Prevenci\\u00f3 \\u00e0mbit laboral - Projecte Home Balears\",\"description\":\"PREVENCI\\u00d3 A L'\\u00c0MBIT LABORAL Projecte Home Balears imparteix actuacions formatives a l\\u2019\\u00e0mbit laboral, com a primer element de sensibilitzaci\\u00f3. Tamb\\u00e9 assessora la teva empresa o entitat en l\\u2019elaboraci\\u00f3 i la implementaci\\u00f3 de plans de prevenci\\u00f3 de consum de subst\\u00e0ncies o addiccions comportamentals. Per aix\\u00f2, \\u00e9s necess\\u00e0ria la implicaci\\u00f3 de representants de l\\u2019empresa i de les\",\"inLanguage\":\"ca\",\"isPartOf\":{\"@id\":\"https:\\\/\\\/projectehomebalears.org\\\/ca\\\/#website\"},\"breadcrumb\":{\"@id\":\"https:\\\/\\\/projectehomebalears.org\\\/ca\\\/prevencio-ambit-laboral\\\/#breadcrumblist\"},\"datePublished\":\"2023-08-29T15:39:50+02:00\",\"dateModified\":\"2024-07-31T10:47:52+02:00\"},{\"@type\":\"WebSite\",\"@id\":\"https:\\\/\\\/projectehomebalears.org\\\/ca\\\/#website\",\"url\":\"https:\\\/\\\/projectehomebalears.org\\\/ca\\\/\",\"name\":\"Projecte Home Balears\",\"description\":\"Tratamiento, prevenci\\u00f3n e investigaci\\u00f3n\",\"inLanguage\":\"ca\",\"publisher\":{\"@id\":\"https:\\\/\\\/projectehomebalears.org\\\/ca\\\/#organization\"}}]}\n\t\t<\/script>\n\t\t<!-- All in One SEO -->\n\n","aioseo_head_json":{"title":"Prevenci\u00f3 \u00e0mbit laboral - Projecte Home Balears","description":"PREVENCI\u00d3 A L'\u00c0MBIT LABORAL Projecte Home Balears imparteix actuacions formatives a l\u2019\u00e0mbit laboral, com a primer element de sensibilitzaci\u00f3. Tamb\u00e9 assessora la teva empresa o entitat en l\u2019elaboraci\u00f3 i la implementaci\u00f3 de plans de prevenci\u00f3 de consum de subst\u00e0ncies o addiccions comportamentals. Per aix\u00f2, \u00e9s necess\u00e0ria la implicaci\u00f3 de representants de l\u2019empresa i de les","canonical_url":"https:\/\/projectehomebalears.org\/ca\/prevencio-ambit-laboral\/","robots":"max-image-preview:large","keywords":"","webmasterTools":{"miscellaneous":""},"schema":{"@context":"https:\/\/schema.org","@graph":[{"@type":"BreadcrumbList","@id":"https:\/\/projectehomebalears.org\/ca\/prevencio-ambit-laboral\/#breadcrumblist","itemListElement":[{"@type":"ListItem","@id":"https:\/\/projectehomebalears.org\/ca\/#listItem","position":1,"name":"Inicio","item":"https:\/\/projectehomebalears.org\/ca\/","nextItem":{"@type":"ListItem","@id":"https:\/\/projectehomebalears.org\/ca\/prevencio-ambit-laboral\/#listItem","name":"Prevenci\u00f3 \u00e0mbit laboral"}},{"@type":"ListItem","@id":"https:\/\/projectehomebalears.org\/ca\/prevencio-ambit-laboral\/#listItem","position":2,"name":"Prevenci\u00f3 \u00e0mbit laboral","previousItem":{"@type":"ListItem","@id":"https:\/\/projectehomebalears.org\/ca\/#listItem","name":"Inicio"}}]},{"@type":"Organization","@id":"https:\/\/projectehomebalears.org\/ca\/#organization","name":"Projecte Home Balears","description":"Tratamiento, prevenci\u00f3n e investigaci\u00f3n","url":"https:\/\/projectehomebalears.org\/ca\/","logo":{"@type":"ImageObject","url":"https:\/\/projectehomebalears.org\/wp-content\/uploads\/2023\/09\/logo-def-PHB_Firma-DIGITAL.png","@id":"https:\/\/projectehomebalears.org\/ca\/prevencio-ambit-laboral\/#organizationLogo","width":190,"height":131},"image":{"@id":"https:\/\/projectehomebalears.org\/ca\/prevencio-ambit-laboral\/#organizationLogo"}},{"@type":"WebPage","@id":"https:\/\/projectehomebalears.org\/ca\/prevencio-ambit-laboral\/#webpage","url":"https:\/\/projectehomebalears.org\/ca\/prevencio-ambit-laboral\/","name":"Prevenci\u00f3 \u00e0mbit laboral - Projecte Home Balears","description":"PREVENCI\u00d3 A L'\u00c0MBIT LABORAL Projecte Home Balears imparteix actuacions formatives a l\u2019\u00e0mbit laboral, com a primer element de sensibilitzaci\u00f3. Tamb\u00e9 assessora la teva empresa o entitat en l\u2019elaboraci\u00f3 i la implementaci\u00f3 de plans de prevenci\u00f3 de consum de subst\u00e0ncies o addiccions comportamentals. Per aix\u00f2, \u00e9s necess\u00e0ria la implicaci\u00f3 de representants de l\u2019empresa i de les","inLanguage":"ca","isPartOf":{"@id":"https:\/\/projectehomebalears.org\/ca\/#website"},"breadcrumb":{"@id":"https:\/\/projectehomebalears.org\/ca\/prevencio-ambit-laboral\/#breadcrumblist"},"datePublished":"2023-08-29T15:39:50+02:00","dateModified":"2024-07-31T10:47:52+02:00"},{"@type":"WebSite","@id":"https:\/\/projectehomebalears.org\/ca\/#website","url":"https:\/\/projectehomebalears.org\/ca\/","name":"Projecte Home Balears","description":"Tratamiento, prevenci\u00f3n e investigaci\u00f3n","inLanguage":"ca","publisher":{"@id":"https:\/\/projectehomebalears.org\/ca\/#organization"}}]},"og:locale":"ca_ES","og:site_name":"Projecte Home Balears - Tratamiento, prevenci\u00f3n e investigaci\u00f3n","og:type":"article","og:title":"Prevenci\u00f3 \u00e0mbit laboral - Projecte Home Balears","og:description":"PREVENCI\u00d3 A L'\u00c0MBIT LABORAL Projecte Home Balears imparteix actuacions formatives a l\u2019\u00e0mbit laboral, com a primer element de sensibilitzaci\u00f3. Tamb\u00e9 assessora la teva empresa o entitat en l\u2019elaboraci\u00f3 i la implementaci\u00f3 de plans de prevenci\u00f3 de consum de subst\u00e0ncies o addiccions comportamentals. Per aix\u00f2, \u00e9s necess\u00e0ria la implicaci\u00f3 de representants de l\u2019empresa i de les","og:url":"https:\/\/projectehomebalears.org\/ca\/prevencio-ambit-laboral\/","og:image":"https:\/\/projectehomebalears.org\/wp-content\/uploads\/2023\/09\/logo-def-PHB_Firma-DIGITAL.png","og:image:secure_url":"https:\/\/projectehomebalears.org\/wp-content\/uploads\/2023\/09\/logo-def-PHB_Firma-DIGITAL.png","article:published_time":"2023-08-29T13:39:50+00:00","article:modified_time":"2024-07-31T08:47:52+00:00","twitter:card":"summary_large_image","twitter:title":"Prevenci\u00f3 \u00e0mbit laboral - Projecte Home Balears","twitter:description":"PREVENCI\u00d3 A L'\u00c0MBIT LABORAL Projecte Home Balears imparteix actuacions formatives a l\u2019\u00e0mbit laboral, com a primer element de sensibilitzaci\u00f3. Tamb\u00e9 assessora la teva empresa o entitat en l\u2019elaboraci\u00f3 i la implementaci\u00f3 de plans de prevenci\u00f3 de consum de subst\u00e0ncies o addiccions comportamentals. Per aix\u00f2, \u00e9s necess\u00e0ria la implicaci\u00f3 de representants de l\u2019empresa i de les","twitter:image":"https:\/\/projectehomebalears.org\/wp-content\/uploads\/2023\/09\/logo-def-PHB_Firma-DIGITAL.png"},"aioseo_meta_data":{"post_id":"11967","title":null,"description":null,"keywords":null,"keyphrases":{"focus":[],"additional":[]},"primary_term":null,"canonical_url":null,"og_title":null,"og_description":null,"og_object_type":"default","og_image_type":"default","og_image_url":null,"og_image_width":null,"og_image_height":null,"og_image_custom_url":null,"og_image_custom_fields":null,"og_video":null,"og_custom_url":null,"og_article_section":null,"og_article_tags":null,"twitter_use_og":false,"twitter_card":"default","twitter_image_type":"default","twitter_image_url":null,"twitter_image_custom_url":null,"twitter_image_custom_fields":null,"twitter_title":null,"twitter_description":null,"schema":{"blockGraphs":[],"customGraphs":[],"default":{"data":{"Article":[],"Course":[],"Dataset":[],"FAQPage":[],"Movie":[],"Person":[],"Product":[],"ProductReview":[],"Car":[],"Recipe":[],"Service":[],"SoftwareApplication":[],"WebPage":[]},"graphName":"","isEnabled":true},"graphs":[]},"schema_type":"default","schema_type_options":null,"pillar_content":false,"robots_default":true,"robots_noindex":false,"robots_noarchive":false,"robots_nosnippet":false,"robots_nofollow":false,"robots_noimageindex":false,"robots_noodp":false,"robots_notranslate":false,"robots_max_snippet":null,"robots_max_videopreview":null,"robots_max_imagepreview":"large","priority":null,"frequency":null,"local_seo":null,"breadcrumb_settings":null,"limit_modified_date":false,"ai":null,"created":"2024-07-31 07:23:32","updated":"2026-09-01 13:48:10","focus_keyword":null,"additional_keywords":null,"truseo_locale":null,"seo_analyzer_scan_date":null},"aioseo_breadcrumb":"<div class=\"aioseo-breadcrumbs\"><span class=\"aioseo-breadcrumb\">\n\t\t\t<a href=\"https:\/\/projectehomebalears.org\/ca\/\" title=\"Inicio\">Inicio<\/a>\n\t\t<\/span><span class=\"aioseo-breadcrumb-separator\">&raquo;<\/span><span class=\"aioseo-breadcrumb\">\n\t\t\tPrevenci\u00f3 \u00e0mbit laboral\n\t\t<\/span><\/div>","aioseo_breadcrumb_json":[{"label":"Inicio","link":"https:\/\/projectehomebalears.org\/ca\/"},{"label":"Prevenci\u00f3 \u00e0mbit laboral","link":"https:\/\/projectehomebalears.org\/ca\/prevencio-ambit-laboral\/"}],"_links":{"self":[{"href":"https:\/\/projectehomebalears.org\/ca\/wp-json\/wp\/v2\/pages\/11967","targetHints":{"allow":["GET"]}}],"collection":[{"href":"https:\/\/projectehomebalears.org\/ca\/wp-json\/wp\/v2\/pages"}],"about":[{"href":"https:\/\/projectehomebalears.org\/ca\/wp-json\/wp\/v2\/types\/page"}],"author":[{"embeddable":true,"href":"https:\/\/projectehomebalears.org\/ca\/wp-json\/wp\/v2\/users\/8"}],"replies":[{"embeddable":true,"href":"https:\/\/projectehomebalears.org\/ca\/wp-json\/wp\/v2\/comments?post=11967"}],"version-history":[{"count":0,"href":"https:\/\/projectehomebalears.org\/ca\/wp-json\/wp\/v2\/pages\/11967\/revisions"}],"wp:attachment":[{"href":"https:\/\/projectehomebalears.org\/ca\/wp-json\/wp\/v2\/media?parent=11967"}],"curies":[{"name":"wp","href":"https:\/\/api.w.org\/{rel}","templated":true}]}}